{"id":16626,"date":"2018-10-22T11:51:05","date_gmt":"2018-10-22T09:51:05","guid":{"rendered":"https:\/\/www.tentickle.ch\/variante-tenda\/sonnensegel\/"},"modified":"2022-02-22T18:35:16","modified_gmt":"2022-02-22T17:35:16","slug":"tenda-da-sole","status":"publish","type":"page","link":"https:\/\/www.tentickle.ch\/it\/variante-tenda\/tenda-da-sole\/","title":{"rendered":"Tenda da sole"},"content":{"rendered":"<p>[vc_row css_animation=&#8221;&#8221; row_type=&#8221;row&#8221; use_row_as_full_screen_section=&#8221;no&#8221; type=&#8221;grid&#8221; angled_section=&#8221;no&#8221; text_align=&#8221;left&#8221; background_image_as_pattern=&#8221;without_pattern&#8221; z_index=&#8221;&#8221;][vc_column][vc_column_text][vc_separator type=&#8221;transparent&#8221; position=&#8221;center&#8221; thickness=&#8221;0&#8243; up=&#8221;50&#8243; down=&#8221;50&#8243;]<\/p>\n<h1>Tenda da sole<\/h1>\n<p>[vc_separator type=&#8221;transparent&#8221; position=&#8221;center&#8221; thickness=&#8221;0&#8243; up=&#8221;50&#8243; down=&#8221;50&#8243;][\/vc_column_text][\/vc_row]<\/p>\n<p>[vc_row css_animation=&#8221;&#8221; row_type=&#8221;row&#8221; use_row_as_full_screen_section=&#8221;no&#8221; type=&#8221;grid&#8221; angled_section=&#8221;no&#8221; text_align=&#8221;left&#8221; background_image_as_pattern=&#8221;without_pattern&#8221; z_index=&#8221;&#8221;][vc_column width=&#8221;3\/4&#8243;][vc_column_text]Le tende elastiche Tentickle sono ottime tende da sole. Grazie al sistema flessibile, ogni tenda pu\u00f2 essere chiusa o aperta, a seconda della situazione. Quando le temperature sono alte e il sole splende, alla gente piace passare il tempo all&#8217;aperto. \u00c8 una piccola arte per creare un luogo ombreggiato dove si ha la sensazione di essere all&#8217;aria aperta.<\/p>\n<p>[\/vc_column_text][\/vc_column][vc_column width=&#8221;1\/4&#8243;][vc_column_text]<\/p>\n<p><a href=\"https:\/\/tentickle.ch\/wp-content\/uploads\/2018\/11\/IMG_0756.jpg\"><img loading=\"lazy\" decoding=\"async\" class=\"alignnone wp-image-15171 size-large\" src=\"https:\/\/tentickle.ch\/wp-content\/uploads\/2018\/11\/IMG_0756-1024x562.jpg\" alt=\"\" width=\"1024\" height=\"562\" srcset=\"https:\/\/www.tentickle.ch\/wp-content\/uploads\/2018\/11\/IMG_0756-1024x562.jpg 1024w, https:\/\/www.tentickle.ch\/wp-content\/uploads\/2018\/11\/IMG_0756-300x165.jpg 300w, https:\/\/www.tentickle.ch\/wp-content\/uploads\/2018\/11\/IMG_0756-768x422.jpg 768w, https:\/\/www.tentickle.ch\/wp-content\/uploads\/2018\/11\/IMG_0756-700x384.jpg 700w\" sizes=\"auto, (max-width: 1024px) 100vw, 1024px\" \/><\/a>[\/vc_column_text][\/vc_column][\/vc_row]<\/p>\n<p>[vc_row css_animation=&#8221;&#8221; row_type=&#8221;row&#8221; use_row_as_full_screen_section=&#8221;no&#8221; type=&#8221;grid&#8221; angled_section=&#8221;no&#8221; text_align=&#8221;left&#8221; background_image_as_pattern=&#8221;without_pattern&#8221; z_index=&#8221;&#8221;]<blockquote class=' with_quote_icon' style=''><i class='fa fa-quote-right' style=''><\/i><h5 class='blockquote-text' style=''>\u00c8 una piccola arte per creare un luogo ombreggiato dove si ha la sensazione di essere all'aria aperta.<\/h5><\/blockquote>[\/vc_row]<\/p>\n<p>[vc_row css_animation=&#8221;&#8221; row_type=&#8221;row&#8221; use_row_as_full_screen_section=&#8221;no&#8221; type=&#8221;grid&#8221; angled_section=&#8221;no&#8221; text_align=&#8221;left&#8221; background_image_as_pattern=&#8221;without_pattern&#8221; z_index=&#8221;&#8221;][vc_column width=&#8221;1\/4&#8243;][vc_column_text]<\/p>\n<p><a href=\"https:\/\/tentickle.ch\/wp-content\/uploads\/2018\/11\/IMG_0873.jpg\"><img loading=\"lazy\" decoding=\"async\" class=\"wp-image-16189\" src=\"https:\/\/www.tentickle.ch\/wp-content\/uploads\/2018\/11\/IMG_0873-1024x768.jpg\" alt=\"Vela del sole in rosso, da Tentickle\" width=\"400\" height=\"300\" srcset=\"https:\/\/www.tentickle.ch\/wp-content\/uploads\/2018\/11\/IMG_0873-1024x768.jpg 1024w, https:\/\/www.tentickle.ch\/wp-content\/uploads\/2018\/11\/IMG_0873-300x225.jpg 300w, https:\/\/www.tentickle.ch\/wp-content\/uploads\/2018\/11\/IMG_0873-768x576.jpg 768w, https:\/\/www.tentickle.ch\/wp-content\/uploads\/2018\/11\/IMG_0873-800x600.jpg 800w, https:\/\/www.tentickle.ch\/wp-content\/uploads\/2018\/11\/IMG_0873-700x525.jpg 700w\" sizes=\"auto, (max-width: 400px) 100vw, 400px\" \/><\/a><\/p>\n<p>[\/vc_column_text][\/vc_column][vc_column width=&#8221;3\/4&#8243;][vc_column_text]<\/p>\n<p>Un tentickle pu\u00f2 essere impostato in modo che l&#8217;aria non sia intrappolata sotto, la tela \u00e8 alta da terra e si pu\u00f2 avere la sensazione di essere fuori sotto. Una vera tenda da sole. Se c&#8217;\u00e8 un temporale estivo: una tenda multifunzionale non deve nascondersi dal vento e dalla pioggia. Una tenda elastica assorbe in modo sicuro le altezze della tempesta grazie alla sua elasticit\u00e0 ed \u00e8 impermeabile al 100%. C&#8217;\u00e8 molta esperienza dietro il materiale di Tentickle e ha davvero una grande forza.<\/p>\n<p>[\/vc_column_text][\/vc_column][\/vc_row]<\/p>\n<p>[vc_separator type=&#8221;transparent&#8221; position=&#8221;center&#8221; thickness=&#8221;0&#8243; up=&#8221;50&#8243; down=&#8221;50&#8243;]<\/p>\n","protected":false},"excerpt":{"rendered":"<p>[vc_row css_animation=&#8221;&#8221; row_type=&#8221;row&#8221; use_row_as_full_screen_section=&#8221;no&#8221; type=&#8221;grid&#8221; angled_section=&#8221;no&#8221; text_align=&#8221;left&#8221; background_image_as_pattern=&#8221;without_pattern&#8221; z_index=&#8221;&#8221;][vc_column][vc_column_text][vc_separator type=&#8221;transparent&#8221; position=&#8221;center&#8221; thickness=&#8221;0&#8243; up=&#8221;50&#8243; down=&#8221;50&#8243;] Tenda da sole [vc_separator type=&#8221;transparent&#8221; position=&#8221;center&#8221; thickness=&#8221;0&#8243; up=&#8221;50&#8243; down=&#8221;50&#8243;][\/vc_column_text][\/vc_row] [vc_row css_animation=&#8221;&#8221; row_type=&#8221;row&#8221; use_row_as_full_screen_section=&#8221;no&#8221; type=&#8221;grid&#8221; angled_section=&#8221;no&#8221; text_align=&#8221;left&#8221; background_image_as_pattern=&#8221;without_pattern&#8221; z_index=&#8221;&#8221;][vc_column width=&#8221;3\/4&#8243;][vc_column_text]Le tende elastiche Tentickle sono ottime tende da sole. Grazie al sistema flessibile,&#8230;<\/p>\n","protected":false},"author":1,"featured_media":0,"parent":16568,"menu_order":0,"comment_status":"closed","ping_status":"closed","template":"full_width.php","meta":{"footnotes":""},"class_list":["post-16626","page","type-page","status-publish","hentry"],"yoast_head":"<!-- This site is optimized with the Yoast SEO plugin v27.5 - https:\/\/yoast.com\/product\/yoast-seo-wordpress\/ -->\n<title>Le vele da sole di Tentickle: vele da sole che possono davvero prendere un sacco di botte!<\/title>\n<meta name=\"description\" content=\"Le tende da sole Tentickle non sono solo belle, ma anche resistenti al vento come nessun altro. Il materiale elastico va con il vento e pu\u00f2 sopportare molto.\" \/>\n<meta name=\"robots\" content=\"index, follow, max-snippet:-1, max-image-preview:large, max-video-preview:-1\" \/>\n<link rel=\"canonical\" href=\"https:\/\/www.tentickle.ch\/stretchzelt\/sonnensegel\/\" \/>\n<meta property=\"og:locale\" content=\"it_IT\" \/>\n<meta property=\"og:type\" content=\"article\" \/>\n<meta property=\"og:title\" content=\"Le vele da sole di Tentickle: vele da sole che possono davvero prendere un sacco di botte!\" \/>\n<meta property=\"og:description\" content=\"Le tende da sole Tentickle non sono solo belle, ma anche resistenti al vento come nessun altro. Il materiale elastico va con il vento e pu\u00f2 sopportare molto.\" \/>\n<meta property=\"og:url\" content=\"https:\/\/www.tentickle.ch\/stretchzelt\/sonnensegel\/\" \/>\n<meta property=\"og:site_name\" content=\"Tentickle\" \/>\n<meta property=\"article:publisher\" content=\"https:\/\/www.facebook.com\/CreativeTents\/\" \/>\n<meta property=\"article:modified_time\" content=\"2022-02-22T17:35:16+00:00\" \/>\n<meta property=\"og:image\" content=\"https:\/\/www.tentickle.ch\/wp-content\/uploads\/2018\/11\/IMG_0756-1024x562.jpg\" \/>\n\t<meta property=\"og:image:width\" content=\"1024\" \/>\n\t<meta property=\"og:image:height\" content=\"562\" \/>\n\t<meta property=\"og:image:type\" content=\"image\/jpeg\" \/>\n<meta name=\"twitter:card\" content=\"summary_large_image\" \/>\n<meta name=\"twitter:label1\" content=\"Tempo di lettura stimato\" \/>\n\t<meta name=\"twitter:data1\" content=\"2 minuti\" \/>\n<script type=\"application\/ld+json\" class=\"yoast-schema-graph\">{\"@context\":\"https:\\\/\\\/schema.org\",\"@graph\":[{\"@type\":\"WebPage\",\"@id\":\"https:\\\/\\\/www.tentickle.ch\\\/stretchzelt\\\/sonnensegel\\\/\",\"url\":\"https:\\\/\\\/www.tentickle.ch\\\/stretchzelt\\\/sonnensegel\\\/\",\"name\":\"Le vele da sole di Tentickle: vele da sole che possono davvero prendere un sacco di botte!\",\"isPartOf\":{\"@id\":\"https:\\\/\\\/www.tentickle.ch\\\/#website\"},\"primaryImageOfPage\":{\"@id\":\"https:\\\/\\\/www.tentickle.ch\\\/stretchzelt\\\/sonnensegel\\\/#primaryimage\"},\"image\":{\"@id\":\"https:\\\/\\\/www.tentickle.ch\\\/stretchzelt\\\/sonnensegel\\\/#primaryimage\"},\"thumbnailUrl\":\"https:\\\/\\\/tentickle.ch\\\/wp-content\\\/uploads\\\/2018\\\/11\\\/IMG_0756-1024x562.jpg\",\"datePublished\":\"2018-10-22T09:51:05+00:00\",\"dateModified\":\"2022-02-22T17:35:16+00:00\",\"description\":\"Le tende da sole Tentickle non sono solo belle, ma anche resistenti al vento come nessun altro. Il materiale elastico va con il vento e pu\u00f2 sopportare molto.\",\"breadcrumb\":{\"@id\":\"https:\\\/\\\/www.tentickle.ch\\\/stretchzelt\\\/sonnensegel\\\/#breadcrumb\"},\"inLanguage\":\"it-IT\",\"potentialAction\":[{\"@type\":\"ReadAction\",\"target\":[\"https:\\\/\\\/www.tentickle.ch\\\/stretchzelt\\\/sonnensegel\\\/\"]}]},{\"@type\":\"ImageObject\",\"inLanguage\":\"it-IT\",\"@id\":\"https:\\\/\\\/www.tentickle.ch\\\/stretchzelt\\\/sonnensegel\\\/#primaryimage\",\"url\":\"https:\\\/\\\/tentickle.ch\\\/wp-content\\\/uploads\\\/2018\\\/11\\\/IMG_0756-1024x562.jpg\",\"contentUrl\":\"https:\\\/\\\/tentickle.ch\\\/wp-content\\\/uploads\\\/2018\\\/11\\\/IMG_0756-1024x562.jpg\"},{\"@type\":\"BreadcrumbList\",\"@id\":\"https:\\\/\\\/www.tentickle.ch\\\/stretchzelt\\\/sonnensegel\\\/#breadcrumb\",\"itemListElement\":[{\"@type\":\"ListItem\",\"position\":1,\"name\":\"Home\",\"item\":\"https:\\\/\\\/www.tentickle.ch\\\/\"},{\"@type\":\"ListItem\",\"position\":2,\"name\":\"VARIANTE TENDA\",\"item\":\"https:\\\/\\\/www.tentickle.ch\\\/stretchzelt\\\/\"},{\"@type\":\"ListItem\",\"position\":3,\"name\":\"Tenda da sole\"}]},{\"@type\":\"WebSite\",\"@id\":\"https:\\\/\\\/www.tentickle.ch\\\/#website\",\"url\":\"https:\\\/\\\/www.tentickle.ch\\\/\",\"name\":\"Tentickle Schweiz\",\"description\":\"Stilvolle Zelte f\u00fcr Feste und Anl\u00e4sse\",\"publisher\":{\"@id\":\"https:\\\/\\\/www.tentickle.ch\\\/#organization\"},\"potentialAction\":[{\"@type\":\"SearchAction\",\"target\":{\"@type\":\"EntryPoint\",\"urlTemplate\":\"https:\\\/\\\/www.tentickle.ch\\\/?s={search_term_string}\"},\"query-input\":{\"@type\":\"PropertyValueSpecification\",\"valueRequired\":true,\"valueName\":\"search_term_string\"}}],\"inLanguage\":\"it-IT\"},{\"@type\":\"Organization\",\"@id\":\"https:\\\/\\\/www.tentickle.ch\\\/#organization\",\"name\":\"Tentickle\",\"url\":\"https:\\\/\\\/www.tentickle.ch\\\/\",\"logo\":{\"@type\":\"ImageObject\",\"inLanguage\":\"it-IT\",\"@id\":\"https:\\\/\\\/www.tentickle.ch\\\/#\\\/schema\\\/logo\\\/image\\\/\",\"url\":\"https:\\\/\\\/www.tentickle.ch\\\/wp-content\\\/uploads\\\/2018\\\/10\\\/TentickleLogoTransparentohneCanopies-web.png\",\"contentUrl\":\"https:\\\/\\\/www.tentickle.ch\\\/wp-content\\\/uploads\\\/2018\\\/10\\\/TentickleLogoTransparentohneCanopies-web.png\",\"width\":1000,\"height\":294,\"caption\":\"Tentickle\"},\"image\":{\"@id\":\"https:\\\/\\\/www.tentickle.ch\\\/#\\\/schema\\\/logo\\\/image\\\/\"},\"sameAs\":[\"https:\\\/\\\/www.facebook.com\\\/CreativeTents\\\/\",\"https:\\\/\\\/www.instagram.com\\\/tentickle.switzerland\"]}]}<\/script>\n<!-- \/ Yoast SEO plugin. -->","yoast_head_json":{"title":"Le vele da sole di Tentickle: vele da sole che possono davvero prendere un sacco di botte!","description":"Le tende da sole Tentickle non sono solo belle, ma anche resistenti al vento come nessun altro. Il materiale elastico va con il vento e pu\u00f2 sopportare molto.","robots":{"index":"index","follow":"follow","max-snippet":"max-snippet:-1","max-image-preview":"max-image-preview:large","max-video-preview":"max-video-preview:-1"},"canonical":"https:\/\/www.tentickle.ch\/stretchzelt\/sonnensegel\/","og_locale":"it_IT","og_type":"article","og_title":"Le vele da sole di Tentickle: vele da sole che possono davvero prendere un sacco di botte!","og_description":"Le tende da sole Tentickle non sono solo belle, ma anche resistenti al vento come nessun altro. Il materiale elastico va con il vento e pu\u00f2 sopportare molto.","og_url":"https:\/\/www.tentickle.ch\/stretchzelt\/sonnensegel\/","og_site_name":"Tentickle","article_publisher":"https:\/\/www.facebook.com\/CreativeTents\/","article_modified_time":"2022-02-22T17:35:16+00:00","og_image":[{"width":1024,"height":562,"url":"https:\/\/www.tentickle.ch\/wp-content\/uploads\/2018\/11\/IMG_0756-1024x562.jpg","type":"image\/jpeg"}],"twitter_card":"summary_large_image","twitter_misc":{"Tempo di lettura stimato":"2 minuti"},"schema":{"@context":"https:\/\/schema.org","@graph":[{"@type":"WebPage","@id":"https:\/\/www.tentickle.ch\/stretchzelt\/sonnensegel\/","url":"https:\/\/www.tentickle.ch\/stretchzelt\/sonnensegel\/","name":"Le vele da sole di Tentickle: vele da sole che possono davvero prendere un sacco di botte!","isPartOf":{"@id":"https:\/\/www.tentickle.ch\/#website"},"primaryImageOfPage":{"@id":"https:\/\/www.tentickle.ch\/stretchzelt\/sonnensegel\/#primaryimage"},"image":{"@id":"https:\/\/www.tentickle.ch\/stretchzelt\/sonnensegel\/#primaryimage"},"thumbnailUrl":"https:\/\/tentickle.ch\/wp-content\/uploads\/2018\/11\/IMG_0756-1024x562.jpg","datePublished":"2018-10-22T09:51:05+00:00","dateModified":"2022-02-22T17:35:16+00:00","description":"Le tende da sole Tentickle non sono solo belle, ma anche resistenti al vento come nessun altro. Il materiale elastico va con il vento e pu\u00f2 sopportare molto.","breadcrumb":{"@id":"https:\/\/www.tentickle.ch\/stretchzelt\/sonnensegel\/#breadcrumb"},"inLanguage":"it-IT","potentialAction":[{"@type":"ReadAction","target":["https:\/\/www.tentickle.ch\/stretchzelt\/sonnensegel\/"]}]},{"@type":"ImageObject","inLanguage":"it-IT","@id":"https:\/\/www.tentickle.ch\/stretchzelt\/sonnensegel\/#primaryimage","url":"https:\/\/tentickle.ch\/wp-content\/uploads\/2018\/11\/IMG_0756-1024x562.jpg","contentUrl":"https:\/\/tentickle.ch\/wp-content\/uploads\/2018\/11\/IMG_0756-1024x562.jpg"},{"@type":"BreadcrumbList","@id":"https:\/\/www.tentickle.ch\/stretchzelt\/sonnensegel\/#breadcrumb","itemListElement":[{"@type":"ListItem","position":1,"name":"Home","item":"https:\/\/www.tentickle.ch\/"},{"@type":"ListItem","position":2,"name":"VARIANTE TENDA","item":"https:\/\/www.tentickle.ch\/stretchzelt\/"},{"@type":"ListItem","position":3,"name":"Tenda da sole"}]},{"@type":"WebSite","@id":"https:\/\/www.tentickle.ch\/#website","url":"https:\/\/www.tentickle.ch\/","name":"Tentickle Schweiz","description":"Stilvolle Zelte f\u00fcr Feste und Anl\u00e4sse","publisher":{"@id":"https:\/\/www.tentickle.ch\/#organization"},"potentialAction":[{"@type":"SearchAction","target":{"@type":"EntryPoint","urlTemplate":"https:\/\/www.tentickle.ch\/?s={search_term_string}"},"query-input":{"@type":"PropertyValueSpecification","valueRequired":true,"valueName":"search_term_string"}}],"inLanguage":"it-IT"},{"@type":"Organization","@id":"https:\/\/www.tentickle.ch\/#organization","name":"Tentickle","url":"https:\/\/www.tentickle.ch\/","logo":{"@type":"ImageObject","inLanguage":"it-IT","@id":"https:\/\/www.tentickle.ch\/#\/schema\/logo\/image\/","url":"https:\/\/www.tentickle.ch\/wp-content\/uploads\/2018\/10\/TentickleLogoTransparentohneCanopies-web.png","contentUrl":"https:\/\/www.tentickle.ch\/wp-content\/uploads\/2018\/10\/TentickleLogoTransparentohneCanopies-web.png","width":1000,"height":294,"caption":"Tentickle"},"image":{"@id":"https:\/\/www.tentickle.ch\/#\/schema\/logo\/image\/"},"sameAs":["https:\/\/www.facebook.com\/CreativeTents\/","https:\/\/www.instagram.com\/tentickle.switzerland"]}]}},"_links":{"self":[{"href":"https:\/\/www.tentickle.ch\/it\/wp-json\/wp\/v2\/pages\/16626","targetHints":{"allow":["GET"]}}],"collection":[{"href":"https:\/\/www.tentickle.ch\/it\/wp-json\/wp\/v2\/pages"}],"about":[{"href":"https:\/\/www.tentickle.ch\/it\/wp-json\/wp\/v2\/types\/page"}],"author":[{"embeddable":true,"href":"https:\/\/www.tentickle.ch\/it\/wp-json\/wp\/v2\/users\/1"}],"replies":[{"embeddable":true,"href":"https:\/\/www.tentickle.ch\/it\/wp-json\/wp\/v2\/comments?post=16626"}],"version-history":[{"count":9,"href":"https:\/\/www.tentickle.ch\/it\/wp-json\/wp\/v2\/pages\/16626\/revisions"}],"predecessor-version":[{"id":16685,"href":"https:\/\/www.tentickle.ch\/it\/wp-json\/wp\/v2\/pages\/16626\/revisions\/16685"}],"up":[{"embeddable":true,"href":"https:\/\/www.tentickle.ch\/it\/wp-json\/wp\/v2\/pages\/16568"}],"wp:attachment":[{"href":"https:\/\/www.tentickle.ch\/it\/wp-json\/wp\/v2\/media?parent=16626"}],"curies":[{"name":"wp","href":"https:\/\/api.w.org\/{rel}","templated":true}]}}