{"id":16521,"date":"2018-11-15T12:55:26","date_gmt":"2018-11-15T11:55:26","guid":{"rendered":"https:\/\/www.tentickle.ch\/tenda-di-lusso\/"},"modified":"2022-02-16T17:52:25","modified_gmt":"2022-02-16T16:52:25","slug":"tenda-di-lusso","status":"publish","type":"page","link":"https:\/\/www.tentickle.ch\/it\/variante-tenda\/tenda-di-lusso\/","title":{"rendered":"TENDA DI LUSSO"},"content":{"rendered":"<p>[vc_row css_animation=&#8221;&#8221; row_type=&#8221;row&#8221; use_row_as_full_screen_section=&#8221;no&#8221; type=&#8221;grid&#8221; angled_section=&#8221;no&#8221; text_align=&#8221;left&#8221; background_image_as_pattern=&#8221;without_pattern&#8221; z_index=&#8221;&#8221;][vc_column][vc_column_text][vc_separator type=&#8221;transparent&#8221; position=&#8221;center&#8221; thickness=&#8221;0&#8243; up=&#8221;50&#8243; down=&#8221;50&#8243;]<\/p>\n<h1>Tenda di lusso<\/h1>\n<p>[vc_separator type=&#8221;transparent&#8221; position=&#8221;center&#8221; thickness=&#8221;0&#8243; up=&#8221;50&#8243; down=&#8221;50&#8243;]<\/p>\n<div class=\"page\" title=\"Page 1\">\n<div class=\"layoutArea\">\n<div class=\"column\"><\/div>\n<\/div>\n<\/div>\n<p>[\/vc_column_text][\/vc_column][\/vc_row][vc_row css_animation=&#8221;&#8221; row_type=&#8221;row&#8221; use_row_as_full_screen_section=&#8221;no&#8221; type=&#8221;grid&#8221; angled_section=&#8221;no&#8221; text_align=&#8221;left&#8221; background_image_as_pattern=&#8221;without_pattern&#8221; z_index=&#8221;&#8221;][vc_column width=&#8221;2\/3&#8243;][vc_column_text]TENTICKLE Stretch tents ha sviluppato una nuova e ingegnosa soluzione di tenda appositamente progettata per il mercato del campeggio di lusso. Il risultato \u00e8 una tenda di lusso che non \u00e8 seconda a nessuno. Una fusione rivoluzionaria di tecnologia e stile. Un prodotto su misura che combina lo stato dell&#8217;arte del tessuto TENTICKLE Tentflex con un pavimento in PVC completamente chiuso.[\/vc_column_text]<blockquote class=' with_quote_icon' style=''><i class='fa fa-quote-right' style=''><\/i><h5 class='blockquote-text' style=''>Il risultato \u00e8 una fusione rivoluzionaria di tecnologia e stile<\/h5><\/blockquote>[\/vc_column][vc_column width=&#8221;1\/3&#8243;][vc_column_text]<\/p>\n<p style=\"text-align: center;\"><a  itemprop=\"url\" href=\"https:\/\/www.tentickle.ch\/wp-content\/uploads\/2019\/11\/Luxury-Tents-Katalog.pdf\" target=\"_blank\"  class=\"qbutton  default\" style=\"\">Opuscolo 1<\/a><\/p>\n<p>[\/vc_column_text][\/vc_column][\/vc_row][vc_row css_animation=&#8221;&#8221; row_type=&#8221;row&#8221; use_row_as_full_screen_section=&#8221;no&#8221; type=&#8221;grid&#8221; angled_section=&#8221;no&#8221; text_align=&#8221;left&#8221; background_image_as_pattern=&#8221;without_pattern&#8221; z_index=&#8221;&#8221;][vc_column width=&#8221;1\/2&#8243;][vc_column_text]Le pareti laterali regolabili sono combinate in una combinazione di tela ripstop, zanzariera gommata e PVC trasparente. Il resistente tetto della tenda \u00e8 impermeabile al 100%, resistente ai raggi UV, opzionalmente ignifugo e resiste a venti fino a 45 nodi. Il tessuto Tentflex rivestito di Teflon \u00e8 diventato molto popolare per le installazioni semipermanenti grazie alla sua impermeabilit\u00e0 a lungo termine anche nelle condizioni atmosferiche pi\u00f9 difficili.<\/p>\n<p><a href=\"https:\/\/tentickle.ch\/wp-content\/uploads\/2018\/11\/3N9A0165.jpg\"><img loading=\"lazy\" decoding=\"async\" class=\"alignnone wp-image-15182\" src=\"https:\/\/tentickle.ch\/wp-content\/uploads\/2018\/11\/3N9A0165-1024x683.jpg\" alt=\"Luxus Zelt von Tentickle. Ein Stretchzelt wie kein anderes.\" width=\"530\" height=\"353\" srcset=\"https:\/\/www.tentickle.ch\/wp-content\/uploads\/2018\/11\/3N9A0165-1024x683.jpg 1024w, https:\/\/www.tentickle.ch\/wp-content\/uploads\/2018\/11\/3N9A0165-300x200.jpg 300w, https:\/\/www.tentickle.ch\/wp-content\/uploads\/2018\/11\/3N9A0165-768x512.jpg 768w, https:\/\/www.tentickle.ch\/wp-content\/uploads\/2018\/11\/3N9A0165-700x467.jpg 700w\" sizes=\"auto, (max-width: 530px) 100vw, 530px\" \/><\/a><\/p>\n<p>[\/vc_column_text][\/vc_column][vc_column width=&#8221;1\/2&#8243;][vc_column_text]<\/p>\n<p><a href=\"https:\/\/tentickle.ch\/wp-content\/uploads\/2018\/11\/360_Pano_179_E.jpg\"><img loading=\"lazy\" decoding=\"async\" class=\"alignnone wp-image-15183\" src=\"https:\/\/tentickle.ch\/wp-content\/uploads\/2018\/11\/360_Pano_179_E-1024x683.jpg\" alt=\"\" width=\"530\" height=\"353\" srcset=\"https:\/\/www.tentickle.ch\/wp-content\/uploads\/2018\/11\/360_Pano_179_E-1024x683.jpg 1024w, https:\/\/www.tentickle.ch\/wp-content\/uploads\/2018\/11\/360_Pano_179_E-300x200.jpg 300w, https:\/\/www.tentickle.ch\/wp-content\/uploads\/2018\/11\/360_Pano_179_E-768x512.jpg 768w, https:\/\/www.tentickle.ch\/wp-content\/uploads\/2018\/11\/360_Pano_179_E-700x467.jpg 700w\" sizes=\"auto, (max-width: 530px) 100vw, 530px\" \/><\/a><\/p>\n<p>Specialmente per i climi tropicali e le zone ad alta umidit\u00e0, tutti i tessuti sono impregnati di un trattamento antifungino. Solo il velcro e le cerniere di alta qualit\u00e0 sono utilizzati per garantire un ambiente 100% senza insetti.[\/vc_column_text][\/vc_column][\/vc_row][vc_row css_animation=&#8221;&#8221; row_type=&#8221;row&#8221; use_row_as_full_screen_section=&#8221;no&#8221; type=&#8221;full_width&#8221; angled_section=&#8221;no&#8221; text_align=&#8221;left&#8221; background_image_as_pattern=&#8221;without_pattern&#8221;][vc_column][vc_separator type=&#8221;transparent&#8221; thickness=&#8221;0&#8243; up=&#8221;50&#8243; down=&#8221;50&#8243;][vc_separator type=&#8221;transparent&#8221; thickness=&#8221;0&#8243; up=&#8221;50&#8243; down=&#8221;50&#8243;][\/vc_column][\/vc_row][vc_row css_animation=&#8221;&#8221; row_type=&#8221;row&#8221; use_row_as_full_screen_section=&#8221;no&#8221; type=&#8221;grid&#8221; angled_section=&#8221;no&#8221; text_align=&#8221;left&#8221; background_image_as_pattern=&#8221;without_pattern&#8221; z_index=&#8221;&#8221;][vc_column width=&#8221;1\/2&#8243;][vc_column_text]<\/p>\n<p style=\"text-align: right;\">Adatto per installazioni semi-permanenti o campeggio a lungo termine -.<\/p>\n<p style=\"text-align: right;\">Completamente chiuso con pareti laterali regolabili e groundsheet &#8211;<\/p>\n<p style=\"text-align: right;\">100% spazio vitale senza insetti &#8211;<\/p>\n<p style=\"text-align: right;\">Vista panoramica &#8211;<\/p>\n<p style=\"text-align: right;\">resistente al vento e alle intemperie &#8211;<\/p>\n<p style=\"text-align: right;\">Rispettoso dell&#8217;ambiente &#8211;<\/p>\n<p style=\"text-align: right;\">clima di vita indescrivibile &#8211;<\/p>\n<p>[\/vc_column_text][\/vc_column][vc_column width=&#8221;1\/2&#8243;][vc_column_text]<\/p>\n<p><a href=\"https:\/\/tentickle.ch\/wp-content\/uploads\/2018\/11\/Eco_Glamper_Plus_489_E.jpg\"><img loading=\"lazy\" decoding=\"async\" class=\"alignleft wp-image-15186\" src=\"https:\/\/tentickle.ch\/wp-content\/uploads\/2018\/11\/Eco_Glamper_Plus_489_E-1024x683.jpg\" alt=\"Luxus Zelt von Tentickle. Ein Stretchzelt wie kein anderes.\" width=\"500\" height=\"333\" srcset=\"https:\/\/www.tentickle.ch\/wp-content\/uploads\/2018\/11\/Eco_Glamper_Plus_489_E-1024x683.jpg 1024w, https:\/\/www.tentickle.ch\/wp-content\/uploads\/2018\/11\/Eco_Glamper_Plus_489_E-300x200.jpg 300w, https:\/\/www.tentickle.ch\/wp-content\/uploads\/2018\/11\/Eco_Glamper_Plus_489_E-768x512.jpg 768w, https:\/\/www.tentickle.ch\/wp-content\/uploads\/2018\/11\/Eco_Glamper_Plus_489_E-700x467.jpg 700w\" sizes=\"auto, (max-width: 500px) 100vw, 500px\" \/><\/a><\/p>\n<p>[\/vc_column_text][\/vc_column][\/vc_row][vc_row css_animation=&#8221;&#8221; row_type=&#8221;row&#8221; use_row_as_full_screen_section=&#8221;no&#8221; type=&#8221;full_width&#8221; angled_section=&#8221;no&#8221; text_align=&#8221;left&#8221; background_image_as_pattern=&#8221;without_pattern&#8221;][vc_column][vc_column_text]<\/p>\n<ul>\n<li>[vc_separator type=&#8221;transparent&#8221; position=&#8221;center&#8221; thickness=&#8221;0&#8243; up=&#8221;50&#8243; down=&#8221;50&#8243;]<\/li>\n<\/ul>\n<p>[\/vc_column_text][\/vc_column][\/vc_row]<\/p>\n","protected":false},"excerpt":{"rendered":"<p>[vc_row css_animation=&#8221;&#8221; row_type=&#8221;row&#8221; use_row_as_full_screen_section=&#8221;no&#8221; type=&#8221;grid&#8221; angled_section=&#8221;no&#8221; text_align=&#8221;left&#8221; background_image_as_pattern=&#8221;without_pattern&#8221; z_index=&#8221;&#8221;][vc_column][vc_column_text][vc_separator type=&#8221;transparent&#8221; position=&#8221;center&#8221; thickness=&#8221;0&#8243; up=&#8221;50&#8243; down=&#8221;50&#8243;] Tenda di lusso [vc_separator type=&#8221;transparent&#8221; position=&#8221;center&#8221; thickness=&#8221;0&#8243; up=&#8221;50&#8243; down=&#8221;50&#8243;] [\/vc_column_text][\/vc_column][\/vc_row][vc_row css_animation=&#8221;&#8221; row_type=&#8221;row&#8221; use_row_as_full_screen_section=&#8221;no&#8221; type=&#8221;grid&#8221; angled_section=&#8221;no&#8221; text_align=&#8221;left&#8221; background_image_as_pattern=&#8221;without_pattern&#8221; z_index=&#8221;&#8221;][vc_column width=&#8221;2\/3&#8243;][vc_column_text]TENTICKLE Stretch tents ha sviluppato una nuova e ingegnosa soluzione di tenda appositamente&#8230;<\/p>\n","protected":false},"author":1,"featured_media":0,"parent":16568,"menu_order":0,"comment_status":"closed","ping_status":"closed","template":"full_width.php","meta":{"footnotes":""},"class_list":["post-16521","page","type-page","status-publish","hentry"],"yoast_head":"<!-- This site is optimized with the Yoast SEO plugin v27.5 - https:\/\/yoast.com\/product\/yoast-seo-wordpress\/ -->\n<title>Tenda di lusso di Tentickle - Il punto di riferimento per le tende di lusso<\/title>\n<meta name=\"description\" content=\"Una tenda di lusso di Tentickle. Bisogna vederlo per crederci. Il pioniere delle tende stretch mostra a tutti quanto pu\u00f2 essere di classe una tenda.\" \/>\n<meta name=\"robots\" content=\"index, follow, max-snippet:-1, max-image-preview:large, max-video-preview:-1\" \/>\n<link rel=\"canonical\" href=\"https:\/\/www.tentickle.ch\/stretchzelt\/luxus-zelt\/\" \/>\n<meta property=\"og:locale\" content=\"it_IT\" \/>\n<meta property=\"og:type\" content=\"article\" \/>\n<meta property=\"og:title\" content=\"Tenda di lusso di Tentickle - Il punto di riferimento per le tende di lusso\" \/>\n<meta property=\"og:description\" content=\"Una tenda di lusso di Tentickle. Bisogna vederlo per crederci. Il pioniere delle tende stretch mostra a tutti quanto pu\u00f2 essere di classe una tenda.\" \/>\n<meta property=\"og:url\" content=\"https:\/\/www.tentickle.ch\/stretchzelt\/luxus-zelt\/\" \/>\n<meta property=\"og:site_name\" content=\"Tentickle\" \/>\n<meta property=\"article:publisher\" content=\"https:\/\/www.facebook.com\/CreativeTents\/\" \/>\n<meta property=\"article:modified_time\" content=\"2022-02-16T16:52:25+00:00\" \/>\n<meta property=\"og:image\" content=\"https:\/\/www.tentickle.ch\/wp-content\/uploads\/2018\/11\/3N9A0165.jpg\" \/>\n\t<meta property=\"og:image:width\" content=\"5760\" \/>\n\t<meta property=\"og:image:height\" content=\"3840\" \/>\n\t<meta property=\"og:image:type\" content=\"image\/jpeg\" \/>\n<meta name=\"twitter:card\" content=\"summary_large_image\" \/>\n<meta name=\"twitter:label1\" content=\"Tempo di lettura stimato\" \/>\n\t<meta name=\"twitter:data1\" content=\"3 minuti\" \/>\n<script type=\"application\/ld+json\" class=\"yoast-schema-graph\">{\"@context\":\"https:\\\/\\\/schema.org\",\"@graph\":[{\"@type\":\"WebPage\",\"@id\":\"https:\\\/\\\/www.tentickle.ch\\\/stretchzelt\\\/luxus-zelt\\\/\",\"url\":\"https:\\\/\\\/www.tentickle.ch\\\/stretchzelt\\\/luxus-zelt\\\/\",\"name\":\"Tenda di lusso di Tentickle - Il punto di riferimento per le tende di lusso\",\"isPartOf\":{\"@id\":\"https:\\\/\\\/www.tentickle.ch\\\/#website\"},\"primaryImageOfPage\":{\"@id\":\"https:\\\/\\\/www.tentickle.ch\\\/stretchzelt\\\/luxus-zelt\\\/#primaryimage\"},\"image\":{\"@id\":\"https:\\\/\\\/www.tentickle.ch\\\/stretchzelt\\\/luxus-zelt\\\/#primaryimage\"},\"thumbnailUrl\":\"https:\\\/\\\/tentickle.ch\\\/wp-content\\\/uploads\\\/2018\\\/11\\\/3N9A0165-1024x683.jpg\",\"datePublished\":\"2018-11-15T11:55:26+00:00\",\"dateModified\":\"2022-02-16T16:52:25+00:00\",\"description\":\"Una tenda di lusso di Tentickle. Bisogna vederlo per crederci. Il pioniere delle tende stretch mostra a tutti quanto pu\u00f2 essere di classe una tenda.\",\"breadcrumb\":{\"@id\":\"https:\\\/\\\/www.tentickle.ch\\\/stretchzelt\\\/luxus-zelt\\\/#breadcrumb\"},\"inLanguage\":\"it-IT\",\"potentialAction\":[{\"@type\":\"ReadAction\",\"target\":[\"https:\\\/\\\/www.tentickle.ch\\\/stretchzelt\\\/luxus-zelt\\\/\"]}]},{\"@type\":\"ImageObject\",\"inLanguage\":\"it-IT\",\"@id\":\"https:\\\/\\\/www.tentickle.ch\\\/stretchzelt\\\/luxus-zelt\\\/#primaryimage\",\"url\":\"https:\\\/\\\/tentickle.ch\\\/wp-content\\\/uploads\\\/2018\\\/11\\\/3N9A0165-1024x683.jpg\",\"contentUrl\":\"https:\\\/\\\/tentickle.ch\\\/wp-content\\\/uploads\\\/2018\\\/11\\\/3N9A0165-1024x683.jpg\"},{\"@type\":\"BreadcrumbList\",\"@id\":\"https:\\\/\\\/www.tentickle.ch\\\/stretchzelt\\\/luxus-zelt\\\/#breadcrumb\",\"itemListElement\":[{\"@type\":\"ListItem\",\"position\":1,\"name\":\"Home\",\"item\":\"https:\\\/\\\/www.tentickle.ch\\\/\"},{\"@type\":\"ListItem\",\"position\":2,\"name\":\"VARIANTE TENDA\",\"item\":\"https:\\\/\\\/www.tentickle.ch\\\/stretchzelt\\\/\"},{\"@type\":\"ListItem\",\"position\":3,\"name\":\"TENDA DI LUSSO\"}]},{\"@type\":\"WebSite\",\"@id\":\"https:\\\/\\\/www.tentickle.ch\\\/#website\",\"url\":\"https:\\\/\\\/www.tentickle.ch\\\/\",\"name\":\"Tentickle Schweiz\",\"description\":\"Stilvolle Zelte f\u00fcr Feste und Anl\u00e4sse\",\"publisher\":{\"@id\":\"https:\\\/\\\/www.tentickle.ch\\\/#organization\"},\"potentialAction\":[{\"@type\":\"SearchAction\",\"target\":{\"@type\":\"EntryPoint\",\"urlTemplate\":\"https:\\\/\\\/www.tentickle.ch\\\/?s={search_term_string}\"},\"query-input\":{\"@type\":\"PropertyValueSpecification\",\"valueRequired\":true,\"valueName\":\"search_term_string\"}}],\"inLanguage\":\"it-IT\"},{\"@type\":\"Organization\",\"@id\":\"https:\\\/\\\/www.tentickle.ch\\\/#organization\",\"name\":\"Tentickle\",\"url\":\"https:\\\/\\\/www.tentickle.ch\\\/\",\"logo\":{\"@type\":\"ImageObject\",\"inLanguage\":\"it-IT\",\"@id\":\"https:\\\/\\\/www.tentickle.ch\\\/#\\\/schema\\\/logo\\\/image\\\/\",\"url\":\"https:\\\/\\\/www.tentickle.ch\\\/wp-content\\\/uploads\\\/2018\\\/10\\\/TentickleLogoTransparentohneCanopies-web.png\",\"contentUrl\":\"https:\\\/\\\/www.tentickle.ch\\\/wp-content\\\/uploads\\\/2018\\\/10\\\/TentickleLogoTransparentohneCanopies-web.png\",\"width\":1000,\"height\":294,\"caption\":\"Tentickle\"},\"image\":{\"@id\":\"https:\\\/\\\/www.tentickle.ch\\\/#\\\/schema\\\/logo\\\/image\\\/\"},\"sameAs\":[\"https:\\\/\\\/www.facebook.com\\\/CreativeTents\\\/\",\"https:\\\/\\\/www.instagram.com\\\/tentickle.switzerland\"]}]}<\/script>\n<!-- \/ Yoast SEO plugin. -->","yoast_head_json":{"title":"Tenda di lusso di Tentickle - Il punto di riferimento per le tende di lusso","description":"Una tenda di lusso di Tentickle. Bisogna vederlo per crederci. Il pioniere delle tende stretch mostra a tutti quanto pu\u00f2 essere di classe una tenda.","robots":{"index":"index","follow":"follow","max-snippet":"max-snippet:-1","max-image-preview":"max-image-preview:large","max-video-preview":"max-video-preview:-1"},"canonical":"https:\/\/www.tentickle.ch\/stretchzelt\/luxus-zelt\/","og_locale":"it_IT","og_type":"article","og_title":"Tenda di lusso di Tentickle - Il punto di riferimento per le tende di lusso","og_description":"Una tenda di lusso di Tentickle. Bisogna vederlo per crederci. Il pioniere delle tende stretch mostra a tutti quanto pu\u00f2 essere di classe una tenda.","og_url":"https:\/\/www.tentickle.ch\/stretchzelt\/luxus-zelt\/","og_site_name":"Tentickle","article_publisher":"https:\/\/www.facebook.com\/CreativeTents\/","article_modified_time":"2022-02-16T16:52:25+00:00","og_image":[{"width":5760,"height":3840,"url":"https:\/\/www.tentickle.ch\/wp-content\/uploads\/2018\/11\/3N9A0165.jpg","type":"image\/jpeg"}],"twitter_card":"summary_large_image","twitter_misc":{"Tempo di lettura stimato":"3 minuti"},"schema":{"@context":"https:\/\/schema.org","@graph":[{"@type":"WebPage","@id":"https:\/\/www.tentickle.ch\/stretchzelt\/luxus-zelt\/","url":"https:\/\/www.tentickle.ch\/stretchzelt\/luxus-zelt\/","name":"Tenda di lusso di Tentickle - Il punto di riferimento per le tende di lusso","isPartOf":{"@id":"https:\/\/www.tentickle.ch\/#website"},"primaryImageOfPage":{"@id":"https:\/\/www.tentickle.ch\/stretchzelt\/luxus-zelt\/#primaryimage"},"image":{"@id":"https:\/\/www.tentickle.ch\/stretchzelt\/luxus-zelt\/#primaryimage"},"thumbnailUrl":"https:\/\/tentickle.ch\/wp-content\/uploads\/2018\/11\/3N9A0165-1024x683.jpg","datePublished":"2018-11-15T11:55:26+00:00","dateModified":"2022-02-16T16:52:25+00:00","description":"Una tenda di lusso di Tentickle. Bisogna vederlo per crederci. Il pioniere delle tende stretch mostra a tutti quanto pu\u00f2 essere di classe una tenda.","breadcrumb":{"@id":"https:\/\/www.tentickle.ch\/stretchzelt\/luxus-zelt\/#breadcrumb"},"inLanguage":"it-IT","potentialAction":[{"@type":"ReadAction","target":["https:\/\/www.tentickle.ch\/stretchzelt\/luxus-zelt\/"]}]},{"@type":"ImageObject","inLanguage":"it-IT","@id":"https:\/\/www.tentickle.ch\/stretchzelt\/luxus-zelt\/#primaryimage","url":"https:\/\/tentickle.ch\/wp-content\/uploads\/2018\/11\/3N9A0165-1024x683.jpg","contentUrl":"https:\/\/tentickle.ch\/wp-content\/uploads\/2018\/11\/3N9A0165-1024x683.jpg"},{"@type":"BreadcrumbList","@id":"https:\/\/www.tentickle.ch\/stretchzelt\/luxus-zelt\/#breadcrumb","itemListElement":[{"@type":"ListItem","position":1,"name":"Home","item":"https:\/\/www.tentickle.ch\/"},{"@type":"ListItem","position":2,"name":"VARIANTE TENDA","item":"https:\/\/www.tentickle.ch\/stretchzelt\/"},{"@type":"ListItem","position":3,"name":"TENDA DI LUSSO"}]},{"@type":"WebSite","@id":"https:\/\/www.tentickle.ch\/#website","url":"https:\/\/www.tentickle.ch\/","name":"Tentickle Schweiz","description":"Stilvolle Zelte f\u00fcr Feste und Anl\u00e4sse","publisher":{"@id":"https:\/\/www.tentickle.ch\/#organization"},"potentialAction":[{"@type":"SearchAction","target":{"@type":"EntryPoint","urlTemplate":"https:\/\/www.tentickle.ch\/?s={search_term_string}"},"query-input":{"@type":"PropertyValueSpecification","valueRequired":true,"valueName":"search_term_string"}}],"inLanguage":"it-IT"},{"@type":"Organization","@id":"https:\/\/www.tentickle.ch\/#organization","name":"Tentickle","url":"https:\/\/www.tentickle.ch\/","logo":{"@type":"ImageObject","inLanguage":"it-IT","@id":"https:\/\/www.tentickle.ch\/#\/schema\/logo\/image\/","url":"https:\/\/www.tentickle.ch\/wp-content\/uploads\/2018\/10\/TentickleLogoTransparentohneCanopies-web.png","contentUrl":"https:\/\/www.tentickle.ch\/wp-content\/uploads\/2018\/10\/TentickleLogoTransparentohneCanopies-web.png","width":1000,"height":294,"caption":"Tentickle"},"image":{"@id":"https:\/\/www.tentickle.ch\/#\/schema\/logo\/image\/"},"sameAs":["https:\/\/www.facebook.com\/CreativeTents\/","https:\/\/www.instagram.com\/tentickle.switzerland"]}]}},"_links":{"self":[{"href":"https:\/\/www.tentickle.ch\/it\/wp-json\/wp\/v2\/pages\/16521","targetHints":{"allow":["GET"]}}],"collection":[{"href":"https:\/\/www.tentickle.ch\/it\/wp-json\/wp\/v2\/pages"}],"about":[{"href":"https:\/\/www.tentickle.ch\/it\/wp-json\/wp\/v2\/types\/page"}],"author":[{"embeddable":true,"href":"https:\/\/www.tentickle.ch\/it\/wp-json\/wp\/v2\/users\/1"}],"replies":[{"embeddable":true,"href":"https:\/\/www.tentickle.ch\/it\/wp-json\/wp\/v2\/comments?post=16521"}],"version-history":[{"count":6,"href":"https:\/\/www.tentickle.ch\/it\/wp-json\/wp\/v2\/pages\/16521\/revisions"}],"predecessor-version":[{"id":16596,"href":"https:\/\/www.tentickle.ch\/it\/wp-json\/wp\/v2\/pages\/16521\/revisions\/16596"}],"up":[{"embeddable":true,"href":"https:\/\/www.tentickle.ch\/it\/wp-json\/wp\/v2\/pages\/16568"}],"wp:attachment":[{"href":"https:\/\/www.tentickle.ch\/it\/wp-json\/wp\/v2\/media?parent=16521"}],"curies":[{"name":"wp","href":"https:\/\/api.w.org\/{rel}","templated":true}]}}