{"id":16582,"date":"2018-10-15T14:01:47","date_gmt":"2018-10-15T12:01:47","guid":{"rendered":"https:\/\/www.tentickle.ch\/location-de-tentes\/"},"modified":"2022-12-12T13:25:28","modified_gmt":"2022-12-12T12:25:28","slug":"location-de-tentes","status":"publish","type":"page","link":"https:\/\/www.tentickle.ch\/fr\/location-de-tentes\/","title":{"rendered":"LOCATION DE TENTES"},"content":{"rendered":"<p>[vc_row css_animation=\u00a0\u00bb\u00a0\u00bb row_type=\u00a0\u00bbrow\u00a0\u00bb use_row_as_full_screen_section=\u00a0\u00bbno\u00a0\u00bb type=\u00a0\u00bbgrid\u00a0\u00bb angled_section=\u00a0\u00bbno\u00a0\u00bb text_align=\u00a0\u00bbleft\u00a0\u00bb background_image_as_pattern=\u00a0\u00bbwithout_pattern\u00a0\u00bb z_index=\u00a0\u00bb\u00a0\u00bb][vc_column][vc_column_text][vc_separator type=\u00a0\u00bbtransparent\u00a0\u00bb position=\u00a0\u00bbcenter\u00a0\u00bb thickness=\u00a0\u00bb0&Prime; up=\u00a0\u00bb50&Prime; down=\u00a0\u00bb50&Prime;]<\/p>\n<h1>Location de tentes<\/h1>\n<p>[vc_separator type=\u00a0\u00bbtransparent\u00a0\u00bb position=\u00a0\u00bbcenter\u00a0\u00bb thickness=\u00a0\u00bb0&Prime; up=\u00a0\u00bb50&Prime; down=\u00a0\u00bb50&Prime;][\/vc_column_text][\/vc_column][\/vc_row][vc_row css_animation=\u00a0\u00bb\u00a0\u00bb row_type=\u00a0\u00bbrow\u00a0\u00bb use_row_as_full_screen_section=\u00a0\u00bbno\u00a0\u00bb type=\u00a0\u00bbgrid\u00a0\u00bb angled_section=\u00a0\u00bbno\u00a0\u00bb text_align=\u00a0\u00bbleft\u00a0\u00bb background_image_as_pattern=\u00a0\u00bbwithout_pattern\u00a0\u00bb z_index=\u00a0\u00bb\u00a0\u00bb][vc_column][vc_column_text]<\/p>\n<p class=\"p1\"><span class=\"s1\">Nous louons les produits Tentickle dans toute la Suisse et nous nous r\u00e9jouissons de plus en plus d&rsquo;avoir des partenaires r\u00e9gionaux. <\/span><span class=\"s1\">Notre gamme de tailles et de couleurs n&rsquo;a cess\u00e9 de cro\u00eetre au cours des derni\u00e8res ann\u00e9es. Il nous est donc possible aujourd&rsquo;hui de proposer un abri adapt\u00e9 \u00e0 chaque occasion. Si vous souhaitez faire intervenir votre propre personnel, nous pouvons bien entendu en tenir compte dans l&rsquo;offre.<\/span><\/p>\n<p class=\"p1\"><span class=\"s1\">Les prix varient en fonction de la taille, des services, du lieu, du personnel et de la couleur. Nous nous chargeons volontiers de la livraison, du montage et, en cas de location \u00e0 long terme, de leur entretien pour vous.<\/span><\/p>\n<p><span class=\"s1\">Les Tentickle jusqu&rsquo;\u00e0 75m2 peuvent \u00eatre lou\u00e9s chez nous pour \u00eatre mont\u00e9s soi-m\u00eame. Nous ne le recommandons toutefois que si vous disposez d&rsquo;une certaine habilet\u00e9 manuelle. Pour les constructions de 75m2 et plus, au moins un de nos superviseurs doit \u00eatre pr\u00e9sent.<\/span><\/p>\n<p><span class=\"s1\">Nous proposons \u00e9galement en location les magnifiques perches en bois d&rsquo;eucalyptus. En plus des barres traditionnelles en aluminium, nous avons \u00e9galement des kits de barres en plusieurs parties qui trouvent facilement leur place dans chaque coffre de voiture. <\/span><span class=\"s1\">Les diff\u00e9rents Tentickle peuvent \u00eatre reli\u00e9s entre eux de mani\u00e8re \u00e9tanche, ce qui laisse une marge de man\u0153uvre suppl\u00e9mentaire pour des solutions cr\u00e9atives.<\/span>[\/vc_column_text][vc_column_text][vc_separator type=\u00a0\u00bbtransparent\u00a0\u00bb position=\u00a0\u00bbcenter\u00a0\u00bb thickness=\u00a0\u00bb0&Prime; up=\u00a0\u00bb20&Prime; down=\u00a0\u00bb20&Prime;][\/vc_column_text][\/vc_column][\/vc_row][vc_row row_type=\u00a0\u00bbparallax\u00a0\u00bb parallax_content_width=\u00a0\u00bbfull_width\u00a0\u00bb text_align=\u00a0\u00bbleft\u00a0\u00bb background_image=\u00a0\u00bb16835&Prime; full_screen_section_height=\u00a0\u00bbno\u00a0\u00bb section_height=\u00a0\u00bb400&Prime; parallax_speed=\u00a0\u00bb1.5&Prime; parallax_side_padding=\u00a0\u00bb10&Prime;][vc_column][\/vc_column][\/vc_row][vc_row css_animation=\u00a0\u00bb\u00a0\u00bb row_type=\u00a0\u00bbrow\u00a0\u00bb use_row_as_full_screen_section=\u00a0\u00bbno\u00a0\u00bb type=\u00a0\u00bbfull_width\u00a0\u00bb angled_section=\u00a0\u00bbno\u00a0\u00bb text_align=\u00a0\u00bbleft\u00a0\u00bb background_image_as_pattern=\u00a0\u00bbwithout_pattern\u00a0\u00bb][vc_column][vc_column_text][vc_separator type=\u00a0\u00bbtransparent\u00a0\u00bb position=\u00a0\u00bbcenter\u00a0\u00bb thickness=\u00a0\u00bb0&Prime; up=\u00a0\u00bb50&Prime; down=\u00a0\u00bb50&Prime;][\/vc_column_text][vc_column_text]<\/p>\n<h3 style=\"text-align: center;\">Choisissez la taille qui vous convient<\/h3>\n<p>[\/vc_column_text][vc_column_text][vc_separator type=\u00a0\u00bbtransparent\u00a0\u00bb position=\u00a0\u00bbcenter\u00a0\u00bb thickness=\u00a0\u00bb0&Prime; up=\u00a0\u00bb20&Prime; down=\u00a0\u00bb20&Prime;][\/vc_column_text][\/vc_column][\/vc_row][vc_row css_animation=\u00a0\u00bb\u00a0\u00bb row_type=\u00a0\u00bbrow\u00a0\u00bb use_row_as_full_screen_section=\u00a0\u00bbno\u00a0\u00bb type=\u00a0\u00bbgrid\u00a0\u00bb angled_section=\u00a0\u00bbno\u00a0\u00bb text_align=\u00a0\u00bbleft\u00a0\u00bb background_image_as_pattern=\u00a0\u00bbwithout_pattern\u00a0\u00bb z_index=\u00a0\u00bb\u00a0\u00bb][vc_column][vc_tabs style=\u00a0\u00bbboxed\u00a0\u00bb][vc_tab title=\u00a0\u00bb30m\u00b2 (5mx6m)\u00a0\u00bb tab_id=\u00a0\u00bb9f83aebe-5d20-4&Prime;][vc_column_text]<a href=\"https:\/\/tentickle.ch\/wp-content\/uploads\/2018\/11\/30m2.jpg\"><img loading=\"lazy\" decoding=\"async\" class=\"alignright wp-image-16786\" src=\"https:\/\/www.tentickle.ch\/wp-content\/uploads\/2022\/12\/Zelt_30m2-1024x576.jpg\" alt=\"\" width=\"500\" height=\"281\" srcset=\"https:\/\/www.tentickle.ch\/wp-content\/uploads\/2022\/12\/Zelt_30m2-1024x576.jpg 1024w, https:\/\/www.tentickle.ch\/wp-content\/uploads\/2022\/12\/Zelt_30m2-300x169.jpg 300w, https:\/\/www.tentickle.ch\/wp-content\/uploads\/2022\/12\/Zelt_30m2-768x432.jpg 768w, https:\/\/www.tentickle.ch\/wp-content\/uploads\/2022\/12\/Zelt_30m2-1536x864.jpg 1536w, https:\/\/www.tentickle.ch\/wp-content\/uploads\/2022\/12\/Zelt_30m2-700x394.jpg 700w, https:\/\/www.tentickle.ch\/wp-content\/uploads\/2022\/12\/Zelt_30m2-539x303.jpg 539w, https:\/\/www.tentickle.ch\/wp-content\/uploads\/2022\/12\/Zelt_30m2-1320x743.jpg 1320w, https:\/\/www.tentickle.ch\/wp-content\/uploads\/2022\/12\/Zelt_30m2.jpg 1920w\" sizes=\"auto, (max-width: 500px) 100vw, 500px\" \/><\/a><span class=\"s1\"><strong>Application<br \/>\n<\/strong><\/span><span class=\"s1\">Pour petite f\u00eate de jardin, tente de groupe, petite sc\u00e8ne <\/span><span class=\"s1\">ou DJ<\/span><\/p>\n<p>&nbsp;<\/p>\n<p><span class=\"s1\"><strong>Nombre de personnes<\/strong><br \/>\n<\/span>10-15 assis autour d&rsquo;une table ou 20-25 debout ou en chaises de cin\u00e9ma<\/p>\n<p>&nbsp;<\/p>\n<p class=\"p1\"><strong><span class=\"s1\">Prix indicatif pour une location journali\u00e8re<br \/>\n<\/span><\/strong><span class=\"s1\">\u00e0 construire soi-m\u00eame \u00e0 partir de 617.-Fr<br \/>\n<\/span><span class=\"s1\">livr\u00e9 et mont\u00e9 \u00e0 partir de 890.-Fr.<\/span><\/p>\n<p>[\/vc_column_text][\/vc_tab][vc_tab title=\u00a0\u00bb54m\u00b2 (6mx9m)\u00a0\u00bb tab_id=\u00a0\u00bbd9f257d0-10c7-9&Prime;][vc_column_text]<a href=\"https:\/\/tentickle.ch\/wp-content\/uploads\/2018\/11\/54m2.jpg\"><img loading=\"lazy\" decoding=\"async\" class=\"alignright wp-image-16794\" src=\"https:\/\/www.tentickle.ch\/wp-content\/uploads\/2022\/12\/Zelt_54m2-1024x576.jpg\" alt=\"\" width=\"500\" height=\"281\" srcset=\"https:\/\/www.tentickle.ch\/wp-content\/uploads\/2022\/12\/Zelt_54m2-1024x576.jpg 1024w, https:\/\/www.tentickle.ch\/wp-content\/uploads\/2022\/12\/Zelt_54m2-300x169.jpg 300w, https:\/\/www.tentickle.ch\/wp-content\/uploads\/2022\/12\/Zelt_54m2-768x432.jpg 768w, https:\/\/www.tentickle.ch\/wp-content\/uploads\/2022\/12\/Zelt_54m2-1536x864.jpg 1536w, https:\/\/www.tentickle.ch\/wp-content\/uploads\/2022\/12\/Zelt_54m2-700x394.jpg 700w, https:\/\/www.tentickle.ch\/wp-content\/uploads\/2022\/12\/Zelt_54m2-539x303.jpg 539w, https:\/\/www.tentickle.ch\/wp-content\/uploads\/2022\/12\/Zelt_54m2-1320x743.jpg 1320w, https:\/\/www.tentickle.ch\/wp-content\/uploads\/2022\/12\/Zelt_54m2.jpg 1920w\" sizes=\"auto, (max-width: 500px) 100vw, 500px\" \/><\/a><span class=\"s1\"><strong>Application<\/strong><br \/>\nPour petite f\u00eate de jardin, tente de groupe, petite sc\u00e8ne <\/span><span class=\"s1\">ou DJ convient<\/span><\/p>\n<p>&nbsp;<\/p>\n<p><strong><span class=\"s1\">Nombre de personnes<br \/>\n<\/span><\/strong><span class=\"s1\">15-25 assis autour d&rsquo;une table ou 30-40 assis autour d&rsquo;une table de salon. <\/span><span class=\"s1\">tables hautes ou chaises de cin\u00e9ma<\/span><\/p>\n<p>&nbsp;<\/p>\n<p><span class=\"s1\"><strong>Prix indicatif pour une location journali\u00e8re<\/strong><br \/>\n\u00e0 construire soi-m\u00eame \u00e0 partir de 1&rsquo;110.-Fr<br \/>\n<\/span>livr\u00e9 et mont\u00e9 \u00e0 partir de 1&rsquo;580.-Fr.[\/vc_column_text][\/vc_tab][vc_tab title=\u00a0\u00bb75m\u00b2 (7.5mx10m)\u00a0\u00bb tab_id=\u00a0\u00bb1542709178078-2-8&Prime;][vc_column_text]<a href=\"https:\/\/tentickle.ch\/wp-content\/uploads\/2018\/11\/75m2.jpg\"><img loading=\"lazy\" decoding=\"async\" class=\"alignright wp-image-16798\" src=\"https:\/\/www.tentickle.ch\/wp-content\/uploads\/2022\/12\/Zelt_75m2-1024x576.jpg\" alt=\"\" width=\"500\" height=\"281\" srcset=\"https:\/\/www.tentickle.ch\/wp-content\/uploads\/2022\/12\/Zelt_75m2-1024x576.jpg 1024w, https:\/\/www.tentickle.ch\/wp-content\/uploads\/2022\/12\/Zelt_75m2-300x169.jpg 300w, https:\/\/www.tentickle.ch\/wp-content\/uploads\/2022\/12\/Zelt_75m2-768x432.jpg 768w, https:\/\/www.tentickle.ch\/wp-content\/uploads\/2022\/12\/Zelt_75m2-1536x864.jpg 1536w, https:\/\/www.tentickle.ch\/wp-content\/uploads\/2022\/12\/Zelt_75m2-700x394.jpg 700w, https:\/\/www.tentickle.ch\/wp-content\/uploads\/2022\/12\/Zelt_75m2-539x303.jpg 539w, https:\/\/www.tentickle.ch\/wp-content\/uploads\/2022\/12\/Zelt_75m2-1320x743.jpg 1320w, https:\/\/www.tentickle.ch\/wp-content\/uploads\/2022\/12\/Zelt_75m2.jpg 1920w\" sizes=\"auto, (max-width: 500px) 100vw, 500px\" \/><\/a><span class=\"s1\"><strong>Application<\/strong><br \/>\nPour f\u00eate de jardin, tente de groupe, petite sc\u00e8ne, <\/span><span class=\"s1\">bar ou DJ<\/span><\/p>\n<p>&nbsp;<\/p>\n<p class=\"p1\"><span class=\"s1\"><strong>Nombre de personnes<\/strong><br \/>\n25-35 assis \u00e0 une table ou 40-55 assis \u00e0 une table de salon. <\/span><span class=\"s1\">tables hautes ou chaises de cin\u00e9ma<\/span><\/p>\n<p>&nbsp;<\/p>\n<p class=\"p1\"><span class=\"s1\"><strong>Prix indicatif pour une location journali\u00e8re<\/strong><br \/>\n\u00e0 construire soi-m\u00eame \u00e0 partir de 1&rsquo;540.-Fr.<br \/>\n<\/span><span class=\"s1\">livr\u00e9 et mont\u00e9 \u00e0 2&rsquo;195.-Fr.<\/span><\/p>\n<p>[\/vc_column_text][\/vc_tab][vc_tab title=\u00a0\u00bb100m\u00b2 (10mx10m)\u00a0\u00bb tab_id=\u00a0\u00bb1542709208317-3-4&Prime;][vc_column_text]<a href=\"https:\/\/tentickle.ch\/wp-content\/uploads\/2018\/11\/100m2.jpg\"><img loading=\"lazy\" decoding=\"async\" class=\"alignright wp-image-16806\" src=\"https:\/\/www.tentickle.ch\/wp-content\/uploads\/2022\/12\/Zelt_100m2-1024x576.jpg\" alt=\"\" width=\"500\" height=\"281\" srcset=\"https:\/\/www.tentickle.ch\/wp-content\/uploads\/2022\/12\/Zelt_100m2-1024x576.jpg 1024w, https:\/\/www.tentickle.ch\/wp-content\/uploads\/2022\/12\/Zelt_100m2-300x169.jpg 300w, https:\/\/www.tentickle.ch\/wp-content\/uploads\/2022\/12\/Zelt_100m2-768x432.jpg 768w, https:\/\/www.tentickle.ch\/wp-content\/uploads\/2022\/12\/Zelt_100m2-1536x864.jpg 1536w, https:\/\/www.tentickle.ch\/wp-content\/uploads\/2022\/12\/Zelt_100m2-700x394.jpg 700w, https:\/\/www.tentickle.ch\/wp-content\/uploads\/2022\/12\/Zelt_100m2-539x303.jpg 539w, https:\/\/www.tentickle.ch\/wp-content\/uploads\/2022\/12\/Zelt_100m2-1320x743.jpg 1320w, https:\/\/www.tentickle.ch\/wp-content\/uploads\/2022\/12\/Zelt_100m2.jpg 1920w\" sizes=\"auto, (max-width: 500px) 100vw, 500px\" \/><\/a><span class=\"s1\"><strong>Application<\/strong><br \/>\nPour une f\u00eate de jardin, une tente de groupe, une petite sc\u00e8ne, une petite c\u00e9r\u00e9monie, <\/span><span class=\"s1\">bar ou DJ<\/span><\/p>\n<p>&nbsp;<\/p>\n<p class=\"p1\"><span class=\"s1\"><strong>Nombre de personnes<\/strong><br \/>\n35-60 assis autour d&rsquo;une table ou 55-80 assis autour d&rsquo;une table. <\/span><span class=\"s1\">tables hautes ou chaises de cin\u00e9ma<\/span><\/p>\n<p>&nbsp;<\/p>\n<p class=\"p1\"><span class=\"s1\"><strong>Prix indicatif pour une location journali\u00e8re<\/strong><br \/>\navec ses propres assistants &amp; un superviseur \u00e0 partir de 2&rsquo;390.-Fr.<br \/>\n<\/span><span class=\"s1\">livr\u00e9 et install\u00e9 \u00e0 partir de 2&rsquo;890.-Fr.<\/span><\/p>\n<p>[\/vc_column_text][\/vc_tab][vc_tab title=\u00a0\u00bb150m\u00b2 (10mx15m)\u00a0\u00bb tab_id=\u00a0\u00bb1670843430567-6-5&Prime;][vc_column_text]<a href=\"https:\/\/tentickle.ch\/wp-content\/uploads\/2018\/11\/150m2.jpg\"><img loading=\"lazy\" decoding=\"async\" class=\"alignright wp-image-16810\" src=\"https:\/\/www.tentickle.ch\/wp-content\/uploads\/2022\/12\/Zelt_150m2-1024x576.jpg\" alt=\"\" width=\"500\" height=\"281\" srcset=\"https:\/\/www.tentickle.ch\/wp-content\/uploads\/2022\/12\/Zelt_150m2-1024x576.jpg 1024w, https:\/\/www.tentickle.ch\/wp-content\/uploads\/2022\/12\/Zelt_150m2-300x169.jpg 300w, https:\/\/www.tentickle.ch\/wp-content\/uploads\/2022\/12\/Zelt_150m2-768x432.jpg 768w, https:\/\/www.tentickle.ch\/wp-content\/uploads\/2022\/12\/Zelt_150m2-1536x864.jpg 1536w, https:\/\/www.tentickle.ch\/wp-content\/uploads\/2022\/12\/Zelt_150m2-700x394.jpg 700w, https:\/\/www.tentickle.ch\/wp-content\/uploads\/2022\/12\/Zelt_150m2-539x303.jpg 539w, https:\/\/www.tentickle.ch\/wp-content\/uploads\/2022\/12\/Zelt_150m2-1320x743.jpg 1320w, https:\/\/www.tentickle.ch\/wp-content\/uploads\/2022\/12\/Zelt_150m2.jpg 1920w\" sizes=\"auto, (max-width: 500px) 100vw, 500px\" \/><\/a><span class=\"s1\"><strong>Application<\/strong><br \/>\nPour c\u00e9r\u00e9monie de mariage, sc\u00e8ne moyenne, piste de danse, bar pour environ. <\/span><span class=\"s1\">800Pax en continu<\/span><\/p>\n<p>&nbsp;<\/p>\n<p class=\"p1\"><span class=\"s1\"><strong>Nombre de personnes<\/strong><br \/>\n60-100 assis \u00e0 une table ou 80-120 assis \u00e0 une table de salon. <\/span><span class=\"s1\">tables hautes ou chaises de cin\u00e9ma<\/span><\/p>\n<p>&nbsp;<\/p>\n<p class=\"p1\"><span class=\"s1\"><strong>Prix indicatif pour une location journali\u00e8re<\/strong><br \/>\navec ses propres assistants &amp; un superviseur \u00e0 partir de 3&rsquo;650.-Fr.<br \/>\n<\/span><span class=\"s1\">livr\u00e9 et install\u00e9 \u00e0 partir de 4&rsquo;250.-Fr.<\/span><\/p>\n<p>[\/vc_column_text][\/vc_tab][vc_tab title=\u00a0\u00bb200m\u00b2 (10mx20m)\u00a0\u00bb tab_id=\u00a0\u00bb1542709233258-4-6&Prime;][vc_column_text]<a href=\"https:\/\/tentickle.ch\/wp-content\/uploads\/2018\/11\/150m2.jpg\"><img loading=\"lazy\" decoding=\"async\" class=\"alignright wp-image-15057\" src=\"https:\/\/tentickle.ch\/wp-content\/uploads\/2018\/11\/150m2.jpg\" alt=\"\" width=\"500\" height=\"281\" srcset=\"https:\/\/www.tentickle.ch\/wp-content\/uploads\/2018\/11\/150m2.jpg 1920w, https:\/\/www.tentickle.ch\/wp-content\/uploads\/2018\/11\/150m2-300x169.jpg 300w, https:\/\/www.tentickle.ch\/wp-content\/uploads\/2018\/11\/150m2-768x432.jpg 768w, https:\/\/www.tentickle.ch\/wp-content\/uploads\/2018\/11\/150m2-1024x576.jpg 1024w, https:\/\/www.tentickle.ch\/wp-content\/uploads\/2018\/11\/150m2-700x394.jpg 700w, https:\/\/www.tentickle.ch\/wp-content\/uploads\/2018\/11\/150m2-539x303.jpg 539w\" sizes=\"auto, (max-width: 500px) 100vw, 500px\" \/><\/a><span class=\"s1\"><strong>Application<\/strong><br \/>\nPour c\u00e9r\u00e9monie de mariage, sc\u00e8ne moyenne, piste de danse, bar pour environ. 11<\/span><span class=\"s1\">00Pax en continu<\/span><\/p>\n<p>&nbsp;<\/p>\n<p class=\"p1\"><span class=\"s1\"><strong>Nombre de personnes<\/strong><br \/>\n80-130 assis \u00e0 une table ou 100-150 assis \u00e0 une table de salon. <\/span><span class=\"s1\">tables hautes ou chaises de cin\u00e9ma<\/span><\/p>\n<p>&nbsp;<\/p>\n<p class=\"p1\"><span class=\"s1\"><strong>Prix indicatif pour une location journali\u00e8re<\/strong><br \/>\navec ses propres assistants &amp; un superviseur \u00e0 partir de 4&rsquo;675.-Fr.<br \/>\n<\/span><span class=\"s1\">livr\u00e9 et install\u00e9 \u00e0 partir de 5&rsquo;450.-Fr.<\/span><\/p>\n<p>[\/vc_column_text][\/vc_tab][vc_tab title=\u00a0\u00bb300m\u00b2 (15mx20m)\u00a0\u00bb tab_id=\u00a0\u00bb1542709259011-5-8&Prime;][vc_column_text]<a href=\"https:\/\/tentickle.ch\/wp-content\/uploads\/2018\/11\/300m2.jpg\"><img loading=\"lazy\" decoding=\"async\" class=\"alignright wp-image-16822\" src=\"https:\/\/www.tentickle.ch\/wp-content\/uploads\/2022\/12\/Zelt_300m2-1024x576.jpg\" alt=\"\" width=\"500\" height=\"281\" srcset=\"https:\/\/www.tentickle.ch\/wp-content\/uploads\/2022\/12\/Zelt_300m2-1024x576.jpg 1024w, https:\/\/www.tentickle.ch\/wp-content\/uploads\/2022\/12\/Zelt_300m2-300x169.jpg 300w, https:\/\/www.tentickle.ch\/wp-content\/uploads\/2022\/12\/Zelt_300m2-768x432.jpg 768w, https:\/\/www.tentickle.ch\/wp-content\/uploads\/2022\/12\/Zelt_300m2-1536x864.jpg 1536w, https:\/\/www.tentickle.ch\/wp-content\/uploads\/2022\/12\/Zelt_300m2-700x394.jpg 700w, https:\/\/www.tentickle.ch\/wp-content\/uploads\/2022\/12\/Zelt_300m2-539x303.jpg 539w, https:\/\/www.tentickle.ch\/wp-content\/uploads\/2022\/12\/Zelt_300m2-1320x743.jpg 1320w, https:\/\/www.tentickle.ch\/wp-content\/uploads\/2022\/12\/Zelt_300m2.jpg 1920w\" sizes=\"auto, (max-width: 500px) 100vw, 500px\" \/><\/a><span class=\"s1\"><strong>Application<\/strong><br \/>\nPour la c\u00e9r\u00e9monie de mariage avec ap\u00e9ritif ou repas, grande sc\u00e8ne, <\/span><span class=\"s1\">Bar pour env. 2000 Pax en continu, petite f\u00eate (DJ et piste de danse)<\/span><\/p>\n<p>&nbsp;<\/p>\n<p class=\"p1\"><span class=\"s1\"><strong>Nombre de personnes<\/strong><br \/>\n120-160 assis \u00e0 un ensemble de tables ou 150-250 \u00e0 des<\/span><span class=\"s1\"> tables hautes ou chaises de cin\u00e9ma<\/span><\/p>\n<p>&nbsp;<\/p>\n<p class=\"p1\"><span class=\"s1\"><strong>Prix indicatif pour une location journali\u00e8re<\/strong><br \/>\navec ses propres assistants &amp; un superviseur \u00e0 partir de 7&rsquo;600.-Fr.<br \/>\n<\/span><span class=\"s1\">livr\u00e9 et install\u00e9 \u00e0 partir de 8&rsquo;690.-Fr.<\/span><\/p>\n<p>[\/vc_column_text][\/vc_tab][vc_tab title=\u00a0\u00bb500m\u00b2 (20mx25m)\u00a0\u00bb tab_id=\u00a0\u00bb1670843436597-7-7&Prime;][vc_column_text]<a href=\"https:\/\/tentickle.ch\/wp-content\/uploads\/2018\/11\/300m2.jpg\"><img loading=\"lazy\" decoding=\"async\" class=\"alignright wp-image-16826\" src=\"https:\/\/www.tentickle.ch\/wp-content\/uploads\/2022\/12\/Zelt_500m2-1024x576.jpg\" alt=\"\" width=\"500\" height=\"281\" srcset=\"https:\/\/www.tentickle.ch\/wp-content\/uploads\/2022\/12\/Zelt_500m2-1024x576.jpg 1024w, https:\/\/www.tentickle.ch\/wp-content\/uploads\/2022\/12\/Zelt_500m2-300x169.jpg 300w, https:\/\/www.tentickle.ch\/wp-content\/uploads\/2022\/12\/Zelt_500m2-768x432.jpg 768w, https:\/\/www.tentickle.ch\/wp-content\/uploads\/2022\/12\/Zelt_500m2-1536x864.jpg 1536w, https:\/\/www.tentickle.ch\/wp-content\/uploads\/2022\/12\/Zelt_500m2-700x394.jpg 700w, https:\/\/www.tentickle.ch\/wp-content\/uploads\/2022\/12\/Zelt_500m2-539x303.jpg 539w, https:\/\/www.tentickle.ch\/wp-content\/uploads\/2022\/12\/Zelt_500m2-1320x743.jpg 1320w, https:\/\/www.tentickle.ch\/wp-content\/uploads\/2022\/12\/Zelt_500m2.jpg 1920w\" sizes=\"auto, (max-width: 500px) 100vw, 500px\" \/><\/a><span class=\"s1\"><strong>Application<\/strong><br \/>\nPour la c\u00e9r\u00e9monie de mariage avec ap\u00e9ritif ou repas, grande sc\u00e8ne, <\/span><span class=\"s1\">Bar pour env. 3400 Pax en continu, grande f\u00eate (DJ et piste de danse)<\/span><\/p>\n<p>&nbsp;<\/p>\n<p class=\"p1\"><span class=\"s1\"><strong>Nombre de personnes<\/strong><br \/>\n200-260 assis \u00e0 un ensemble de tables ou 250-400 \u00e0 des<\/span><span class=\"s1\"> tables hautes ou chaises de cin\u00e9ma<\/span><\/p>\n<p>&nbsp;<\/p>\n<p class=\"p1\"><span class=\"s1\"><strong>Prix indicatif pour une location journali\u00e8re<\/strong><br \/>\navec ses propres assistants &amp; un superviseur \u00e0 partir de 11&rsquo;250.-Fr.<br \/>\n<\/span><span class=\"s1\">livr\u00e9 et install\u00e9 \u00e0 partir de 14&rsquo;500.-Fr.<\/span><\/p>\n<p>[\/vc_column_text][\/vc_tab][\/vc_tabs][\/vc_column][\/vc_row][vc_row css_animation=\u00a0\u00bb\u00a0\u00bb row_type=\u00a0\u00bbrow\u00a0\u00bb use_row_as_full_screen_section=\u00a0\u00bbno\u00a0\u00bb type=\u00a0\u00bbfull_width\u00a0\u00bb angled_section=\u00a0\u00bbno\u00a0\u00bb text_align=\u00a0\u00bbleft\u00a0\u00bb background_image_as_pattern=\u00a0\u00bbwithout_pattern\u00a0\u00bb][vc_column][vc_column_text][vc_separator type=\u00a0\u00bbtransparent\u00a0\u00bb position=\u00a0\u00bbcenter\u00a0\u00bb thickness=\u00a0\u00bb0&Prime; up=\u00a0\u00bb50&Prime; down=\u00a0\u00bb50&Prime;][\/vc_column_text][vc_column_text]<\/p>\n<h3 style=\"text-align: center;\">Autres tailles sur demande. Des combinaisons sont \u00e9galement possibles.<\/h3>\n<p>[\/vc_column_text][vc_column_text][vc_separator type=\u00a0\u00bbtransparent\u00a0\u00bb position=\u00a0\u00bbcenter\u00a0\u00bb thickness=\u00a0\u00bb0&Prime; up=\u00a0\u00bb20&Prime; down=\u00a0\u00bb20&Prime;][\/vc_column_text][\/vc_column][vc_column width=\u00a0\u00bb1\/2&Prime;][vc_column_text]<\/p>\n<p style=\"text-align: right;\">Prix pour 1 jour par m\u00b2 CHF 19.00<br \/>\nPrix pour 2 jours par m\u00b2 CHF 23.00<br \/>\nPrix pour 3 jours par m\u00b2 CHF 26.00<\/p>\n<p>[\/vc_column_text][\/vc_column][vc_column width=\u00a0\u00bb1\/2&Prime;][vc_column_text]<\/p>\n<p style=\"text-align: left;\">Prix pour 4 jours par m\u00b2 CHF 28.00<br \/>\nPrix pour 5 jours par m\u00b2 CHF 29.00<br \/>\n(chaque jour suppl\u00e9mentaire plus CHF 1.00 par m\u00b2)<\/p>\n<p>[\/vc_column_text][\/vc_column][vc_column][vc_column_text][vc_separator type=\u00a0\u00bbtransparent\u00a0\u00bb position=\u00a0\u00bbcenter\u00a0\u00bb thickness=\u00a0\u00bb0&Prime; up=\u00a0\u00bb50&Prime; down=\u00a0\u00bb50&Prime;][\/vc_column_text][vc_column_text]<\/p>\n<h3 class=\"p1\" style=\"text-align: center;\"><span class=\"s1\">Contactez-nous pour une consultation gratuite et demandez une offre sans engagement.<\/span><\/h3>\n<h3 class=\"p1\" style=\"text-align: center;\"><span class=\"s1\">Nous sommes \u00e0 votre disposition.<\/span><\/h3>\n<p class=\"p1\" style=\"text-align: center;\"><span class=\"s1\">[vc_separator type=\u00a0\u00bbtransparent\u00a0\u00bb position=\u00a0\u00bbcenter\u00a0\u00bb thickness=\u00a0\u00bb0&Prime; up=\u00a0\u00bb20&Prime; down=\u00a0\u00bb20&Prime;]<\/span><\/p>\n<p style=\"text-align: center;\"><a  itemprop=\"url\" href=\"https:\/\/tentickle.ch\/kontaktformular\/\" target=\"_self\"  class=\"qbutton  medium default\" style=\"\">Formulaire de demande<\/a><\/p>\n<p>[\/vc_column_text][vc_column_text]<\/p>\n<p><img loading=\"lazy\" decoding=\"async\" class=\"alignnone size-full wp-image-15109\" src=\"https:\/\/tentickle.ch\/wp-content\/uploads\/2018\/11\/IMG_3307.png\" alt=\"\" width=\"2560\" height=\"986\" srcset=\"https:\/\/www.tentickle.ch\/wp-content\/uploads\/2018\/11\/IMG_3307.png 2560w, https:\/\/www.tentickle.ch\/wp-content\/uploads\/2018\/11\/IMG_3307-300x116.png 300w, https:\/\/www.tentickle.ch\/wp-content\/uploads\/2018\/11\/IMG_3307-768x296.png 768w, https:\/\/www.tentickle.ch\/wp-content\/uploads\/2018\/11\/IMG_3307-1024x394.png 1024w, https:\/\/www.tentickle.ch\/wp-content\/uploads\/2018\/11\/IMG_3307-700x270.png 700w\" sizes=\"auto, (max-width: 2560px) 100vw, 2560px\" \/>[\/vc_column_text][\/vc_column][\/vc_row]<\/p>\n","protected":false},"excerpt":{"rendered":"<p>[vc_row css_animation=\u00a0\u00bb\u00a0\u00bb row_type=\u00a0\u00bbrow\u00a0\u00bb use_row_as_full_screen_section=\u00a0\u00bbno\u00a0\u00bb type=\u00a0\u00bbgrid\u00a0\u00bb angled_section=\u00a0\u00bbno\u00a0\u00bb text_align=\u00a0\u00bbleft\u00a0\u00bb background_image_as_pattern=\u00a0\u00bbwithout_pattern\u00a0\u00bb z_index=\u00a0\u00bb\u00a0\u00bb][vc_column][vc_column_text][vc_separator type=\u00a0\u00bbtransparent\u00a0\u00bb position=\u00a0\u00bbcenter\u00a0\u00bb thickness=\u00a0\u00bb0&Prime; up=\u00a0\u00bb50&Prime; down=\u00a0\u00bb50&Prime;] Location de tentes [vc_separator type=\u00a0\u00bbtransparent\u00a0\u00bb position=\u00a0\u00bbcenter\u00a0\u00bb thickness=\u00a0\u00bb0&Prime; up=\u00a0\u00bb50&Prime; down=\u00a0\u00bb50&Prime;][\/vc_column_text][\/vc_column][\/vc_row][vc_row css_animation=\u00a0\u00bb\u00a0\u00bb row_type=\u00a0\u00bbrow\u00a0\u00bb use_row_as_full_screen_section=\u00a0\u00bbno\u00a0\u00bb type=\u00a0\u00bbgrid\u00a0\u00bb angled_section=\u00a0\u00bbno\u00a0\u00bb text_align=\u00a0\u00bbleft\u00a0\u00bb background_image_as_pattern=\u00a0\u00bbwithout_pattern\u00a0\u00bb z_index=\u00a0\u00bb\u00a0\u00bb][vc_column][vc_column_text] Nous louons les produits Tentickle dans toute la Suisse et nous nous r\u00e9jouissons de&#8230;<\/p>\n","protected":false},"author":1,"featured_media":0,"parent":0,"menu_order":0,"comment_status":"closed","ping_status":"closed","template":"full_width.php","meta":{"footnotes":""},"class_list":["post-16582","page","type-page","status-publish","hentry"],"yoast_head":"<!-- This site is optimized with the Yoast SEO plugin v27.5 - https:\/\/yoast.com\/product\/yoast-seo-wordpress\/ -->\n<title>LOCATION DE TENTES - Tentickle<\/title>\n<meta name=\"robots\" content=\"index, follow, max-snippet:-1, max-image-preview:large, max-video-preview:-1\" \/>\n<link rel=\"canonical\" href=\"https:\/\/www.tentickle.ch\/zeltvermietung\/\" \/>\n<meta property=\"og:locale\" content=\"fr_FR\" \/>\n<meta property=\"og:type\" content=\"article\" \/>\n<meta property=\"og:title\" content=\"LOCATION DE TENTES - Tentickle\" \/>\n<meta property=\"og:description\" content=\"[vc_row css_animation=\u00a0\u00bb\u00a0\u00bb row_type=\u00a0\u00bbrow\u00a0\u00bb use_row_as_full_screen_section=\u00a0\u00bbno\u00a0\u00bb type=\u00a0\u00bbgrid\u00a0\u00bb angled_section=\u00a0\u00bbno\u00a0\u00bb text_align=\u00a0\u00bbleft\u00a0\u00bb background_image_as_pattern=\u00a0\u00bbwithout_pattern\u00a0\u00bb z_index=\u00a0\u00bb\u00a0\u00bb][vc_column][vc_column_text][vc_separator type=\u00a0\u00bbtransparent\u00a0\u00bb position=\u00a0\u00bbcenter\u00a0\u00bb thickness=\u00a0\u00bb0&Prime; up=\u00a0\u00bb50&Prime; down=\u00a0\u00bb50&Prime;] Location de tentes [vc_separator type=\u00a0\u00bbtransparent\u00a0\u00bb position=\u00a0\u00bbcenter\u00a0\u00bb thickness=\u00a0\u00bb0&Prime; up=\u00a0\u00bb50&Prime; down=\u00a0\u00bb50&Prime;][\/vc_column_text][\/vc_column][\/vc_row][vc_row css_animation=\u00a0\u00bb\u00a0\u00bb row_type=\u00a0\u00bbrow\u00a0\u00bb use_row_as_full_screen_section=\u00a0\u00bbno\u00a0\u00bb type=\u00a0\u00bbgrid\u00a0\u00bb angled_section=\u00a0\u00bbno\u00a0\u00bb text_align=\u00a0\u00bbleft\u00a0\u00bb background_image_as_pattern=\u00a0\u00bbwithout_pattern\u00a0\u00bb z_index=\u00a0\u00bb\u00a0\u00bb][vc_column][vc_column_text] Nous louons les produits Tentickle dans toute la Suisse et nous nous r\u00e9jouissons de...\" \/>\n<meta property=\"og:url\" content=\"https:\/\/www.tentickle.ch\/zeltvermietung\/\" \/>\n<meta property=\"og:site_name\" content=\"Tentickle\" \/>\n<meta property=\"article:publisher\" content=\"https:\/\/www.facebook.com\/CreativeTents\/\" \/>\n<meta property=\"article:modified_time\" content=\"2022-12-12T12:25:28+00:00\" \/>\n<meta property=\"og:image\" content=\"https:\/\/www.tentickle.ch\/wp-content\/uploads\/2022\/12\/Zelt_30m2.jpg\" \/>\n\t<meta property=\"og:image:width\" content=\"1920\" \/>\n\t<meta property=\"og:image:height\" content=\"1080\" \/>\n\t<meta property=\"og:image:type\" content=\"image\/jpeg\" \/>\n<meta name=\"twitter:card\" content=\"summary_large_image\" \/>\n<meta name=\"twitter:label1\" content=\"Dur\u00e9e de lecture estim\u00e9e\" \/>\n\t<meta name=\"twitter:data1\" content=\"7 minutes\" \/>\n<script type=\"application\/ld+json\" class=\"yoast-schema-graph\">{\"@context\":\"https:\\\/\\\/schema.org\",\"@graph\":[{\"@type\":\"WebPage\",\"@id\":\"https:\\\/\\\/www.tentickle.ch\\\/zeltvermietung\\\/\",\"url\":\"https:\\\/\\\/www.tentickle.ch\\\/zeltvermietung\\\/\",\"name\":\"LOCATION DE TENTES - Tentickle\",\"isPartOf\":{\"@id\":\"https:\\\/\\\/www.tentickle.ch\\\/#website\"},\"primaryImageOfPage\":{\"@id\":\"https:\\\/\\\/www.tentickle.ch\\\/zeltvermietung\\\/#primaryimage\"},\"image\":{\"@id\":\"https:\\\/\\\/www.tentickle.ch\\\/zeltvermietung\\\/#primaryimage\"},\"thumbnailUrl\":\"https:\\\/\\\/www.tentickle.ch\\\/wp-content\\\/uploads\\\/2022\\\/12\\\/Zelt_30m2-1024x576.jpg\",\"datePublished\":\"2018-10-15T12:01:47+00:00\",\"dateModified\":\"2022-12-12T12:25:28+00:00\",\"breadcrumb\":{\"@id\":\"https:\\\/\\\/www.tentickle.ch\\\/zeltvermietung\\\/#breadcrumb\"},\"inLanguage\":\"fr-FR\",\"potentialAction\":[{\"@type\":\"ReadAction\",\"target\":[\"https:\\\/\\\/www.tentickle.ch\\\/zeltvermietung\\\/\"]}]},{\"@type\":\"ImageObject\",\"inLanguage\":\"fr-FR\",\"@id\":\"https:\\\/\\\/www.tentickle.ch\\\/zeltvermietung\\\/#primaryimage\",\"url\":\"https:\\\/\\\/www.tentickle.ch\\\/wp-content\\\/uploads\\\/2022\\\/12\\\/Zelt_30m2-1024x576.jpg\",\"contentUrl\":\"https:\\\/\\\/www.tentickle.ch\\\/wp-content\\\/uploads\\\/2022\\\/12\\\/Zelt_30m2-1024x576.jpg\"},{\"@type\":\"BreadcrumbList\",\"@id\":\"https:\\\/\\\/www.tentickle.ch\\\/zeltvermietung\\\/#breadcrumb\",\"itemListElement\":[{\"@type\":\"ListItem\",\"position\":1,\"name\":\"Home\",\"item\":\"https:\\\/\\\/www.tentickle.ch\\\/fr\\\/\"},{\"@type\":\"ListItem\",\"position\":2,\"name\":\"LOCATION DE TENTES\"}]},{\"@type\":\"WebSite\",\"@id\":\"https:\\\/\\\/www.tentickle.ch\\\/#website\",\"url\":\"https:\\\/\\\/www.tentickle.ch\\\/\",\"name\":\"Tentickle Schweiz\",\"description\":\"Stilvolle Zelte f\u00fcr Feste und Anl\u00e4sse\",\"publisher\":{\"@id\":\"https:\\\/\\\/www.tentickle.ch\\\/#organization\"},\"potentialAction\":[{\"@type\":\"SearchAction\",\"target\":{\"@type\":\"EntryPoint\",\"urlTemplate\":\"https:\\\/\\\/www.tentickle.ch\\\/?s={search_term_string}\"},\"query-input\":{\"@type\":\"PropertyValueSpecification\",\"valueRequired\":true,\"valueName\":\"search_term_string\"}}],\"inLanguage\":\"fr-FR\"},{\"@type\":\"Organization\",\"@id\":\"https:\\\/\\\/www.tentickle.ch\\\/#organization\",\"name\":\"Tentickle\",\"url\":\"https:\\\/\\\/www.tentickle.ch\\\/\",\"logo\":{\"@type\":\"ImageObject\",\"inLanguage\":\"fr-FR\",\"@id\":\"https:\\\/\\\/www.tentickle.ch\\\/#\\\/schema\\\/logo\\\/image\\\/\",\"url\":\"https:\\\/\\\/www.tentickle.ch\\\/wp-content\\\/uploads\\\/2018\\\/10\\\/TentickleLogoTransparentohneCanopies-web.png\",\"contentUrl\":\"https:\\\/\\\/www.tentickle.ch\\\/wp-content\\\/uploads\\\/2018\\\/10\\\/TentickleLogoTransparentohneCanopies-web.png\",\"width\":1000,\"height\":294,\"caption\":\"Tentickle\"},\"image\":{\"@id\":\"https:\\\/\\\/www.tentickle.ch\\\/#\\\/schema\\\/logo\\\/image\\\/\"},\"sameAs\":[\"https:\\\/\\\/www.facebook.com\\\/CreativeTents\\\/\",\"https:\\\/\\\/www.instagram.com\\\/tentickle.switzerland\"]}]}<\/script>\n<!-- \/ Yoast SEO plugin. -->","yoast_head_json":{"title":"LOCATION DE TENTES - Tentickle","robots":{"index":"index","follow":"follow","max-snippet":"max-snippet:-1","max-image-preview":"max-image-preview:large","max-video-preview":"max-video-preview:-1"},"canonical":"https:\/\/www.tentickle.ch\/zeltvermietung\/","og_locale":"fr_FR","og_type":"article","og_title":"LOCATION DE TENTES - Tentickle","og_description":"[vc_row css_animation=\u00a0\u00bb\u00a0\u00bb row_type=\u00a0\u00bbrow\u00a0\u00bb use_row_as_full_screen_section=\u00a0\u00bbno\u00a0\u00bb type=\u00a0\u00bbgrid\u00a0\u00bb angled_section=\u00a0\u00bbno\u00a0\u00bb text_align=\u00a0\u00bbleft\u00a0\u00bb background_image_as_pattern=\u00a0\u00bbwithout_pattern\u00a0\u00bb z_index=\u00a0\u00bb\u00a0\u00bb][vc_column][vc_column_text][vc_separator type=\u00a0\u00bbtransparent\u00a0\u00bb position=\u00a0\u00bbcenter\u00a0\u00bb thickness=\u00a0\u00bb0&Prime; up=\u00a0\u00bb50&Prime; down=\u00a0\u00bb50&Prime;] Location de tentes [vc_separator type=\u00a0\u00bbtransparent\u00a0\u00bb position=\u00a0\u00bbcenter\u00a0\u00bb thickness=\u00a0\u00bb0&Prime; up=\u00a0\u00bb50&Prime; down=\u00a0\u00bb50&Prime;][\/vc_column_text][\/vc_column][\/vc_row][vc_row css_animation=\u00a0\u00bb\u00a0\u00bb row_type=\u00a0\u00bbrow\u00a0\u00bb use_row_as_full_screen_section=\u00a0\u00bbno\u00a0\u00bb type=\u00a0\u00bbgrid\u00a0\u00bb angled_section=\u00a0\u00bbno\u00a0\u00bb text_align=\u00a0\u00bbleft\u00a0\u00bb background_image_as_pattern=\u00a0\u00bbwithout_pattern\u00a0\u00bb z_index=\u00a0\u00bb\u00a0\u00bb][vc_column][vc_column_text] Nous louons les produits Tentickle dans toute la Suisse et nous nous r\u00e9jouissons de...","og_url":"https:\/\/www.tentickle.ch\/zeltvermietung\/","og_site_name":"Tentickle","article_publisher":"https:\/\/www.facebook.com\/CreativeTents\/","article_modified_time":"2022-12-12T12:25:28+00:00","og_image":[{"width":1920,"height":1080,"url":"https:\/\/www.tentickle.ch\/wp-content\/uploads\/2022\/12\/Zelt_30m2.jpg","type":"image\/jpeg"}],"twitter_card":"summary_large_image","twitter_misc":{"Dur\u00e9e de lecture estim\u00e9e":"7 minutes"},"schema":{"@context":"https:\/\/schema.org","@graph":[{"@type":"WebPage","@id":"https:\/\/www.tentickle.ch\/zeltvermietung\/","url":"https:\/\/www.tentickle.ch\/zeltvermietung\/","name":"LOCATION DE TENTES - Tentickle","isPartOf":{"@id":"https:\/\/www.tentickle.ch\/#website"},"primaryImageOfPage":{"@id":"https:\/\/www.tentickle.ch\/zeltvermietung\/#primaryimage"},"image":{"@id":"https:\/\/www.tentickle.ch\/zeltvermietung\/#primaryimage"},"thumbnailUrl":"https:\/\/www.tentickle.ch\/wp-content\/uploads\/2022\/12\/Zelt_30m2-1024x576.jpg","datePublished":"2018-10-15T12:01:47+00:00","dateModified":"2022-12-12T12:25:28+00:00","breadcrumb":{"@id":"https:\/\/www.tentickle.ch\/zeltvermietung\/#breadcrumb"},"inLanguage":"fr-FR","potentialAction":[{"@type":"ReadAction","target":["https:\/\/www.tentickle.ch\/zeltvermietung\/"]}]},{"@type":"ImageObject","inLanguage":"fr-FR","@id":"https:\/\/www.tentickle.ch\/zeltvermietung\/#primaryimage","url":"https:\/\/www.tentickle.ch\/wp-content\/uploads\/2022\/12\/Zelt_30m2-1024x576.jpg","contentUrl":"https:\/\/www.tentickle.ch\/wp-content\/uploads\/2022\/12\/Zelt_30m2-1024x576.jpg"},{"@type":"BreadcrumbList","@id":"https:\/\/www.tentickle.ch\/zeltvermietung\/#breadcrumb","itemListElement":[{"@type":"ListItem","position":1,"name":"Home","item":"https:\/\/www.tentickle.ch\/fr\/"},{"@type":"ListItem","position":2,"name":"LOCATION DE TENTES"}]},{"@type":"WebSite","@id":"https:\/\/www.tentickle.ch\/#website","url":"https:\/\/www.tentickle.ch\/","name":"Tentickle Schweiz","description":"Stilvolle Zelte f\u00fcr Feste und Anl\u00e4sse","publisher":{"@id":"https:\/\/www.tentickle.ch\/#organization"},"potentialAction":[{"@type":"SearchAction","target":{"@type":"EntryPoint","urlTemplate":"https:\/\/www.tentickle.ch\/?s={search_term_string}"},"query-input":{"@type":"PropertyValueSpecification","valueRequired":true,"valueName":"search_term_string"}}],"inLanguage":"fr-FR"},{"@type":"Organization","@id":"https:\/\/www.tentickle.ch\/#organization","name":"Tentickle","url":"https:\/\/www.tentickle.ch\/","logo":{"@type":"ImageObject","inLanguage":"fr-FR","@id":"https:\/\/www.tentickle.ch\/#\/schema\/logo\/image\/","url":"https:\/\/www.tentickle.ch\/wp-content\/uploads\/2018\/10\/TentickleLogoTransparentohneCanopies-web.png","contentUrl":"https:\/\/www.tentickle.ch\/wp-content\/uploads\/2018\/10\/TentickleLogoTransparentohneCanopies-web.png","width":1000,"height":294,"caption":"Tentickle"},"image":{"@id":"https:\/\/www.tentickle.ch\/#\/schema\/logo\/image\/"},"sameAs":["https:\/\/www.facebook.com\/CreativeTents\/","https:\/\/www.instagram.com\/tentickle.switzerland"]}]}},"_links":{"self":[{"href":"https:\/\/www.tentickle.ch\/fr\/wp-json\/wp\/v2\/pages\/16582","targetHints":{"allow":["GET"]}}],"collection":[{"href":"https:\/\/www.tentickle.ch\/fr\/wp-json\/wp\/v2\/pages"}],"about":[{"href":"https:\/\/www.tentickle.ch\/fr\/wp-json\/wp\/v2\/types\/page"}],"author":[{"embeddable":true,"href":"https:\/\/www.tentickle.ch\/fr\/wp-json\/wp\/v2\/users\/1"}],"replies":[{"embeddable":true,"href":"https:\/\/www.tentickle.ch\/fr\/wp-json\/wp\/v2\/comments?post=16582"}],"version-history":[{"count":9,"href":"https:\/\/www.tentickle.ch\/fr\/wp-json\/wp\/v2\/pages\/16582\/revisions"}],"predecessor-version":[{"id":16869,"href":"https:\/\/www.tentickle.ch\/fr\/wp-json\/wp\/v2\/pages\/16582\/revisions\/16869"}],"wp:attachment":[{"href":"https:\/\/www.tentickle.ch\/fr\/wp-json\/wp\/v2\/media?parent=16582"}],"curies":[{"name":"wp","href":"https:\/\/api.w.org\/{rel}","templated":true}]}}