{"id":16483,"date":"2018-11-15T12:55:26","date_gmt":"2018-11-15T11:55:26","guid":{"rendered":"https:\/\/www.tentickle.ch\/tente-de-luxe\/"},"modified":"2022-02-16T17:52:25","modified_gmt":"2022-02-16T16:52:25","slug":"tente-de-luxe","status":"publish","type":"page","link":"https:\/\/www.tentickle.ch\/fr\/particularites-de-la-tente\/tente-de-luxe\/","title":{"rendered":"TENTE DE LUXE"},"content":{"rendered":"<p>[vc_row css_animation=\u00a0\u00bb\u00a0\u00bb row_type=\u00a0\u00bbrow\u00a0\u00bb use_row_as_full_screen_section=\u00a0\u00bbno\u00a0\u00bb type=\u00a0\u00bbgrid\u00a0\u00bb angled_section=\u00a0\u00bbno\u00a0\u00bb text_align=\u00a0\u00bbleft\u00a0\u00bb background_image_as_pattern=\u00a0\u00bbwithout_pattern\u00a0\u00bb z_index=\u00a0\u00bb\u00a0\u00bb][vc_column][vc_column_text][vc_separator type=\u00a0\u00bbtransparent\u00a0\u00bb position=\u00a0\u00bbcenter\u00a0\u00bb thickness=\u00a0\u00bb0&Prime; up=\u00a0\u00bb50&Prime; down=\u00a0\u00bb50&Prime;]<\/p>\n<h1>Tente de luxe<\/h1>\n<p>[vc_separator type=\u00a0\u00bbtransparent\u00a0\u00bb position=\u00a0\u00bbcenter\u00a0\u00bb thickness=\u00a0\u00bb0&Prime; up=\u00a0\u00bb50&Prime; down=\u00a0\u00bb50&Prime;]<\/p>\n<div class=\"page\" title=\"Page 1\">\n<div class=\"layoutArea\">\n<div class=\"column\"><\/div>\n<\/div>\n<\/div>\n<p>[\/vc_column_text][\/vc_column][\/vc_row][vc_row css_animation=\u00a0\u00bb\u00a0\u00bb row_type=\u00a0\u00bbrow\u00a0\u00bb use_row_as_full_screen_section=\u00a0\u00bbno\u00a0\u00bb type=\u00a0\u00bbgrid\u00a0\u00bb angled_section=\u00a0\u00bbno\u00a0\u00bb text_align=\u00a0\u00bbleft\u00a0\u00bb background_image_as_pattern=\u00a0\u00bbwithout_pattern\u00a0\u00bb z_index=\u00a0\u00bb\u00a0\u00bb][vc_column width=\u00a0\u00bb2\/3&Prime;][vc_column_text]Les tentes TENTICKLE Stretch ont d\u00e9velopp\u00e9 une toute nouvelle et ing\u00e9nieuse solution de tente, sp\u00e9cialement con\u00e7ue pour le march\u00e9 du camping de luxe. Le r\u00e9sultat est une tente de luxe qui n&rsquo;a pas son pareil. Une fusion r\u00e9volutionnaire de technique et de style. Un produit sur mesure qui combine la toile TENTICKLE Tentflex ultramoderne avec un fond en PVC enti\u00e8rement ferm\u00e9.[\/vc_column_text]<blockquote class=' with_quote_icon' style=''><i class='fa fa-quote-right' style=''><\/i><h5 class='blockquote-text' style=''>Le r\u00e9sultat est une fusion r\u00e9volutionnaire de technique et de style<\/h5><\/blockquote>[\/vc_column][vc_column width=\u00a0\u00bb1\/3&Prime;][vc_column_text]<\/p>\n<p style=\"text-align: center;\"><a  itemprop=\"url\" href=\"https:\/\/www.tentickle.ch\/wp-content\/uploads\/2019\/11\/Luxury-Tents-Katalog.pdf\" target=\"_blank\"  class=\"qbutton  default\" style=\"\">Brochure 1<\/a><\/p>\n<p>[\/vc_column_text][\/vc_column][\/vc_row][vc_row css_animation=\u00a0\u00bb\u00a0\u00bb row_type=\u00a0\u00bbrow\u00a0\u00bb use_row_as_full_screen_section=\u00a0\u00bbno\u00a0\u00bb type=\u00a0\u00bbgrid\u00a0\u00bb angled_section=\u00a0\u00bbno\u00a0\u00bb text_align=\u00a0\u00bbleft\u00a0\u00bb background_image_as_pattern=\u00a0\u00bbwithout_pattern\u00a0\u00bb z_index=\u00a0\u00bb\u00a0\u00bb][vc_column width=\u00a0\u00bb1\/2&Prime;][vc_column_text]Les parois lat\u00e9rales adaptables sont combin\u00e9es dans une combinaison de toile ripstop, de moustiquaire caoutchout\u00e9e et de PVC transparent. Le toit de la tente en stretch tr\u00e8s r\u00e9sistant est 100% \u00e9tanche, r\u00e9sistant aux UV, ignifuge en option et r\u00e9siste \u00e0 des vents allant jusqu&rsquo;\u00e0 45 n\u0153uds. Le tissu Tentflex enduit de T\u00e9flon est devenu tr\u00e8s populaire pour les installations semi-rigides en raison de son imperm\u00e9abilit\u00e9 \u00e0 long terme, m\u00eame dans les conditions m\u00e9t\u00e9orologiques les plus difficiles.<\/p>\n<p><a href=\"https:\/\/tentickle.ch\/wp-content\/uploads\/2018\/11\/3N9A0165.jpg\"><img loading=\"lazy\" decoding=\"async\" class=\"alignnone wp-image-15182\" src=\"https:\/\/tentickle.ch\/wp-content\/uploads\/2018\/11\/3N9A0165-1024x683.jpg\" alt=\"Luxus Zelt von Tentickle. Ein Stretchzelt wie kein anderes.\" width=\"530\" height=\"353\" srcset=\"https:\/\/www.tentickle.ch\/wp-content\/uploads\/2018\/11\/3N9A0165-1024x683.jpg 1024w, https:\/\/www.tentickle.ch\/wp-content\/uploads\/2018\/11\/3N9A0165-300x200.jpg 300w, https:\/\/www.tentickle.ch\/wp-content\/uploads\/2018\/11\/3N9A0165-768x512.jpg 768w, https:\/\/www.tentickle.ch\/wp-content\/uploads\/2018\/11\/3N9A0165-700x467.jpg 700w\" sizes=\"auto, (max-width: 530px) 100vw, 530px\" \/><\/a><\/p>\n<p>[\/vc_column_text][\/vc_column][vc_column width=\u00a0\u00bb1\/2&Prime;][vc_column_text]<\/p>\n<p><a href=\"https:\/\/tentickle.ch\/wp-content\/uploads\/2018\/11\/360_Pano_179_E.jpg\"><img loading=\"lazy\" decoding=\"async\" class=\"alignnone wp-image-15183\" src=\"https:\/\/tentickle.ch\/wp-content\/uploads\/2018\/11\/360_Pano_179_E-1024x683.jpg\" alt=\"\" width=\"530\" height=\"353\" srcset=\"https:\/\/www.tentickle.ch\/wp-content\/uploads\/2018\/11\/360_Pano_179_E-1024x683.jpg 1024w, https:\/\/www.tentickle.ch\/wp-content\/uploads\/2018\/11\/360_Pano_179_E-300x200.jpg 300w, https:\/\/www.tentickle.ch\/wp-content\/uploads\/2018\/11\/360_Pano_179_E-768x512.jpg 768w, https:\/\/www.tentickle.ch\/wp-content\/uploads\/2018\/11\/360_Pano_179_E-700x467.jpg 700w\" sizes=\"auto, (max-width: 530px) 100vw, 530px\" \/><\/a><\/p>\n<p>Sp\u00e9cialement pour les climats tropicaux et les zones tr\u00e8s humides, tous les tissus sont impr\u00e9gn\u00e9s d&rsquo;un traitement antifongique. Seules des fermetures velcro et des fermetures \u00e9clair de haute qualit\u00e9 sont utilis\u00e9es pour garantir un environnement 100% sans insectes.[\/vc_column_text][\/vc_column][\/vc_row][vc_row css_animation=\u00a0\u00bb\u00a0\u00bb row_type=\u00a0\u00bbrow\u00a0\u00bb use_row_as_full_screen_section=\u00a0\u00bbno\u00a0\u00bb type=\u00a0\u00bbfull_width\u00a0\u00bb angled_section=\u00a0\u00bbno\u00a0\u00bb text_align=\u00a0\u00bbleft\u00a0\u00bb background_image_as_pattern=\u00a0\u00bbwithout_pattern\u00a0\u00bb][vc_column][vc_separator type=\u00a0\u00bbtransparent\u00a0\u00bb thickness=\u00a0\u00bb0&Prime; up=\u00a0\u00bb50&Prime; down=\u00a0\u00bb50&Prime;][vc_separator type=\u00a0\u00bbtransparent\u00a0\u00bb thickness=\u00a0\u00bb0&Prime; up=\u00a0\u00bb50&Prime; down=\u00a0\u00bb50&Prime;][\/vc_column][\/vc_row][vc_row css_animation=\u00a0\u00bb\u00a0\u00bb row_type=\u00a0\u00bbrow\u00a0\u00bb use_row_as_full_screen_section=\u00a0\u00bbno\u00a0\u00bb type=\u00a0\u00bbgrid\u00a0\u00bb angled_section=\u00a0\u00bbno\u00a0\u00bb text_align=\u00a0\u00bbleft\u00a0\u00bb background_image_as_pattern=\u00a0\u00bbwithout_pattern\u00a0\u00bb z_index=\u00a0\u00bb\u00a0\u00bb][vc_column width=\u00a0\u00bb1\/2&Prime;][vc_column_text]<\/p>\n<p style=\"text-align: right;\">Convient aux installations semi-permanentes ou au camping longue dur\u00e9e &#8211;<\/p>\n<p style=\"text-align: right;\">Enti\u00e8rement ferm\u00e9 avec parois lat\u00e9rales adaptables et b\u00e2che de sol &#8211;<\/p>\n<p style=\"text-align: right;\">Un habitat 100% sans insectes &#8211;<\/p>\n<p style=\"text-align: right;\">Vues panoramiques &#8211;<\/p>\n<p style=\"text-align: right;\">r\u00e9sistant au vent et aux intemp\u00e9ries &#8211;<\/p>\n<p style=\"text-align: right;\">Respectueux de l&rsquo;environnement &#8211;<\/p>\n<p style=\"text-align: right;\">un climat d&rsquo;habitation indescriptible &#8211;<\/p>\n<p>[\/vc_column_text][\/vc_column][vc_column width=\u00a0\u00bb1\/2&Prime;][vc_column_text]<\/p>\n<p><a href=\"https:\/\/tentickle.ch\/wp-content\/uploads\/2018\/11\/Eco_Glamper_Plus_489_E.jpg\"><img loading=\"lazy\" decoding=\"async\" class=\"alignleft wp-image-15186\" src=\"https:\/\/tentickle.ch\/wp-content\/uploads\/2018\/11\/Eco_Glamper_Plus_489_E-1024x683.jpg\" alt=\"Luxus Zelt von Tentickle. Ein Stretchzelt wie kein anderes.\" width=\"500\" height=\"333\" srcset=\"https:\/\/www.tentickle.ch\/wp-content\/uploads\/2018\/11\/Eco_Glamper_Plus_489_E-1024x683.jpg 1024w, https:\/\/www.tentickle.ch\/wp-content\/uploads\/2018\/11\/Eco_Glamper_Plus_489_E-300x200.jpg 300w, https:\/\/www.tentickle.ch\/wp-content\/uploads\/2018\/11\/Eco_Glamper_Plus_489_E-768x512.jpg 768w, https:\/\/www.tentickle.ch\/wp-content\/uploads\/2018\/11\/Eco_Glamper_Plus_489_E-700x467.jpg 700w\" sizes=\"auto, (max-width: 500px) 100vw, 500px\" \/><\/a><\/p>\n<p>[\/vc_column_text][\/vc_column][\/vc_row][vc_row css_animation=\u00a0\u00bb\u00a0\u00bb row_type=\u00a0\u00bbrow\u00a0\u00bb use_row_as_full_screen_section=\u00a0\u00bbno\u00a0\u00bb type=\u00a0\u00bbfull_width\u00a0\u00bb angled_section=\u00a0\u00bbno\u00a0\u00bb text_align=\u00a0\u00bbleft\u00a0\u00bb background_image_as_pattern=\u00a0\u00bbwithout_pattern\u00a0\u00bb][vc_column][vc_column_text]<\/p>\n<ul>\n<li>[vc_separator type=\u00a0\u00bbtransparent\u00a0\u00bb position=\u00a0\u00bbcenter\u00a0\u00bb thickness=\u00a0\u00bb0&Prime; up=\u00a0\u00bb50&Prime; down=\u00a0\u00bb50&Prime;]<\/li>\n<\/ul>\n<p>[\/vc_column_text][\/vc_column][\/vc_row]<\/p>\n","protected":false},"excerpt":{"rendered":"<p>[vc_row css_animation=\u00a0\u00bb\u00a0\u00bb row_type=\u00a0\u00bbrow\u00a0\u00bb use_row_as_full_screen_section=\u00a0\u00bbno\u00a0\u00bb type=\u00a0\u00bbgrid\u00a0\u00bb angled_section=\u00a0\u00bbno\u00a0\u00bb text_align=\u00a0\u00bbleft\u00a0\u00bb background_image_as_pattern=\u00a0\u00bbwithout_pattern\u00a0\u00bb z_index=\u00a0\u00bb\u00a0\u00bb][vc_column][vc_column_text][vc_separator type=\u00a0\u00bbtransparent\u00a0\u00bb position=\u00a0\u00bbcenter\u00a0\u00bb thickness=\u00a0\u00bb0&Prime; up=\u00a0\u00bb50&Prime; down=\u00a0\u00bb50&Prime;] Tente de luxe [vc_separator type=\u00a0\u00bbtransparent\u00a0\u00bb position=\u00a0\u00bbcenter\u00a0\u00bb thickness=\u00a0\u00bb0&Prime; up=\u00a0\u00bb50&Prime; down=\u00a0\u00bb50&Prime;] [\/vc_column_text][\/vc_column][\/vc_row][vc_row css_animation=\u00a0\u00bb\u00a0\u00bb row_type=\u00a0\u00bbrow\u00a0\u00bb use_row_as_full_screen_section=\u00a0\u00bbno\u00a0\u00bb type=\u00a0\u00bbgrid\u00a0\u00bb angled_section=\u00a0\u00bbno\u00a0\u00bb text_align=\u00a0\u00bbleft\u00a0\u00bb background_image_as_pattern=\u00a0\u00bbwithout_pattern\u00a0\u00bb z_index=\u00a0\u00bb\u00a0\u00bb][vc_column width=\u00a0\u00bb2\/3&Prime;][vc_column_text]Les tentes TENTICKLE Stretch ont d\u00e9velopp\u00e9 une toute nouvelle et ing\u00e9nieuse solution de&#8230;<\/p>\n","protected":false},"author":1,"featured_media":0,"parent":16548,"menu_order":0,"comment_status":"closed","ping_status":"closed","template":"full_width.php","meta":{"footnotes":""},"class_list":["post-16483","page","type-page","status-publish","hentry"],"yoast_head":"<!-- This site is optimized with the Yoast SEO plugin v27.5 - https:\/\/yoast.com\/product\/yoast-seo-wordpress\/ -->\n<title>Tente de luxe de Tentickle - C&#039;est la r\u00e9f\u00e9rence en mati\u00e8re de tentes de luxe<\/title>\n<meta name=\"description\" content=\"Une tente de luxe de Tentickle. Vous devez le voir pour le croire. Le pionnier des tentes extensibles montre \u00e0 tous \u00e0 quel point une tente peut \u00eatre noble.\" \/>\n<meta name=\"robots\" content=\"index, follow, max-snippet:-1, max-image-preview:large, max-video-preview:-1\" \/>\n<link rel=\"canonical\" href=\"https:\/\/www.tentickle.ch\/stretchzelt\/luxus-zelt\/\" \/>\n<meta property=\"og:locale\" content=\"fr_FR\" \/>\n<meta property=\"og:type\" content=\"article\" \/>\n<meta property=\"og:title\" content=\"Tente de luxe de Tentickle - C&#039;est la r\u00e9f\u00e9rence en mati\u00e8re de tentes de luxe\" \/>\n<meta property=\"og:description\" content=\"Une tente de luxe de Tentickle. Vous devez le voir pour le croire. Le pionnier des tentes extensibles montre \u00e0 tous \u00e0 quel point une tente peut \u00eatre noble.\" \/>\n<meta property=\"og:url\" content=\"https:\/\/www.tentickle.ch\/stretchzelt\/luxus-zelt\/\" \/>\n<meta property=\"og:site_name\" content=\"Tentickle\" \/>\n<meta property=\"article:publisher\" content=\"https:\/\/www.facebook.com\/CreativeTents\/\" \/>\n<meta property=\"article:modified_time\" content=\"2022-02-16T16:52:25+00:00\" \/>\n<meta property=\"og:image\" content=\"https:\/\/www.tentickle.ch\/wp-content\/uploads\/2018\/11\/3N9A0165.jpg\" \/>\n\t<meta property=\"og:image:width\" content=\"5760\" \/>\n\t<meta property=\"og:image:height\" content=\"3840\" \/>\n\t<meta property=\"og:image:type\" content=\"image\/jpeg\" \/>\n<meta name=\"twitter:card\" content=\"summary_large_image\" \/>\n<meta name=\"twitter:label1\" content=\"Dur\u00e9e de lecture estim\u00e9e\" \/>\n\t<meta name=\"twitter:data1\" content=\"3 minutes\" \/>\n<script type=\"application\/ld+json\" class=\"yoast-schema-graph\">{\"@context\":\"https:\\\/\\\/schema.org\",\"@graph\":[{\"@type\":\"WebPage\",\"@id\":\"https:\\\/\\\/www.tentickle.ch\\\/stretchzelt\\\/luxus-zelt\\\/\",\"url\":\"https:\\\/\\\/www.tentickle.ch\\\/stretchzelt\\\/luxus-zelt\\\/\",\"name\":\"Tente de luxe de Tentickle - C'est la r\u00e9f\u00e9rence en mati\u00e8re de tentes de luxe\",\"isPartOf\":{\"@id\":\"https:\\\/\\\/www.tentickle.ch\\\/#website\"},\"primaryImageOfPage\":{\"@id\":\"https:\\\/\\\/www.tentickle.ch\\\/stretchzelt\\\/luxus-zelt\\\/#primaryimage\"},\"image\":{\"@id\":\"https:\\\/\\\/www.tentickle.ch\\\/stretchzelt\\\/luxus-zelt\\\/#primaryimage\"},\"thumbnailUrl\":\"https:\\\/\\\/tentickle.ch\\\/wp-content\\\/uploads\\\/2018\\\/11\\\/3N9A0165-1024x683.jpg\",\"datePublished\":\"2018-11-15T11:55:26+00:00\",\"dateModified\":\"2022-02-16T16:52:25+00:00\",\"description\":\"Une tente de luxe de Tentickle. Vous devez le voir pour le croire. Le pionnier des tentes extensibles montre \u00e0 tous \u00e0 quel point une tente peut \u00eatre noble.\",\"breadcrumb\":{\"@id\":\"https:\\\/\\\/www.tentickle.ch\\\/stretchzelt\\\/luxus-zelt\\\/#breadcrumb\"},\"inLanguage\":\"fr-FR\",\"potentialAction\":[{\"@type\":\"ReadAction\",\"target\":[\"https:\\\/\\\/www.tentickle.ch\\\/stretchzelt\\\/luxus-zelt\\\/\"]}]},{\"@type\":\"ImageObject\",\"inLanguage\":\"fr-FR\",\"@id\":\"https:\\\/\\\/www.tentickle.ch\\\/stretchzelt\\\/luxus-zelt\\\/#primaryimage\",\"url\":\"https:\\\/\\\/tentickle.ch\\\/wp-content\\\/uploads\\\/2018\\\/11\\\/3N9A0165-1024x683.jpg\",\"contentUrl\":\"https:\\\/\\\/tentickle.ch\\\/wp-content\\\/uploads\\\/2018\\\/11\\\/3N9A0165-1024x683.jpg\"},{\"@type\":\"BreadcrumbList\",\"@id\":\"https:\\\/\\\/www.tentickle.ch\\\/stretchzelt\\\/luxus-zelt\\\/#breadcrumb\",\"itemListElement\":[{\"@type\":\"ListItem\",\"position\":1,\"name\":\"Home\",\"item\":\"https:\\\/\\\/www.tentickle.ch\\\/fr\\\/\"},{\"@type\":\"ListItem\",\"position\":2,\"name\":\"PARTICULARIT\u00c9S DE LA TENTE\",\"item\":\"https:\\\/\\\/www.tentickle.ch\\\/stretchzelt\\\/\"},{\"@type\":\"ListItem\",\"position\":3,\"name\":\"TENTE DE LUXE\"}]},{\"@type\":\"WebSite\",\"@id\":\"https:\\\/\\\/www.tentickle.ch\\\/#website\",\"url\":\"https:\\\/\\\/www.tentickle.ch\\\/\",\"name\":\"Tentickle Schweiz\",\"description\":\"Stilvolle Zelte f\u00fcr Feste und Anl\u00e4sse\",\"publisher\":{\"@id\":\"https:\\\/\\\/www.tentickle.ch\\\/#organization\"},\"potentialAction\":[{\"@type\":\"SearchAction\",\"target\":{\"@type\":\"EntryPoint\",\"urlTemplate\":\"https:\\\/\\\/www.tentickle.ch\\\/?s={search_term_string}\"},\"query-input\":{\"@type\":\"PropertyValueSpecification\",\"valueRequired\":true,\"valueName\":\"search_term_string\"}}],\"inLanguage\":\"fr-FR\"},{\"@type\":\"Organization\",\"@id\":\"https:\\\/\\\/www.tentickle.ch\\\/#organization\",\"name\":\"Tentickle\",\"url\":\"https:\\\/\\\/www.tentickle.ch\\\/\",\"logo\":{\"@type\":\"ImageObject\",\"inLanguage\":\"fr-FR\",\"@id\":\"https:\\\/\\\/www.tentickle.ch\\\/#\\\/schema\\\/logo\\\/image\\\/\",\"url\":\"https:\\\/\\\/www.tentickle.ch\\\/wp-content\\\/uploads\\\/2018\\\/10\\\/TentickleLogoTransparentohneCanopies-web.png\",\"contentUrl\":\"https:\\\/\\\/www.tentickle.ch\\\/wp-content\\\/uploads\\\/2018\\\/10\\\/TentickleLogoTransparentohneCanopies-web.png\",\"width\":1000,\"height\":294,\"caption\":\"Tentickle\"},\"image\":{\"@id\":\"https:\\\/\\\/www.tentickle.ch\\\/#\\\/schema\\\/logo\\\/image\\\/\"},\"sameAs\":[\"https:\\\/\\\/www.facebook.com\\\/CreativeTents\\\/\",\"https:\\\/\\\/www.instagram.com\\\/tentickle.switzerland\"]}]}<\/script>\n<!-- \/ Yoast SEO plugin. -->","yoast_head_json":{"title":"Tente de luxe de Tentickle - C'est la r\u00e9f\u00e9rence en mati\u00e8re de tentes de luxe","description":"Une tente de luxe de Tentickle. Vous devez le voir pour le croire. Le pionnier des tentes extensibles montre \u00e0 tous \u00e0 quel point une tente peut \u00eatre noble.","robots":{"index":"index","follow":"follow","max-snippet":"max-snippet:-1","max-image-preview":"max-image-preview:large","max-video-preview":"max-video-preview:-1"},"canonical":"https:\/\/www.tentickle.ch\/stretchzelt\/luxus-zelt\/","og_locale":"fr_FR","og_type":"article","og_title":"Tente de luxe de Tentickle - C'est la r\u00e9f\u00e9rence en mati\u00e8re de tentes de luxe","og_description":"Une tente de luxe de Tentickle. Vous devez le voir pour le croire. Le pionnier des tentes extensibles montre \u00e0 tous \u00e0 quel point une tente peut \u00eatre noble.","og_url":"https:\/\/www.tentickle.ch\/stretchzelt\/luxus-zelt\/","og_site_name":"Tentickle","article_publisher":"https:\/\/www.facebook.com\/CreativeTents\/","article_modified_time":"2022-02-16T16:52:25+00:00","og_image":[{"width":5760,"height":3840,"url":"https:\/\/www.tentickle.ch\/wp-content\/uploads\/2018\/11\/3N9A0165.jpg","type":"image\/jpeg"}],"twitter_card":"summary_large_image","twitter_misc":{"Dur\u00e9e de lecture estim\u00e9e":"3 minutes"},"schema":{"@context":"https:\/\/schema.org","@graph":[{"@type":"WebPage","@id":"https:\/\/www.tentickle.ch\/stretchzelt\/luxus-zelt\/","url":"https:\/\/www.tentickle.ch\/stretchzelt\/luxus-zelt\/","name":"Tente de luxe de Tentickle - C'est la r\u00e9f\u00e9rence en mati\u00e8re de tentes de luxe","isPartOf":{"@id":"https:\/\/www.tentickle.ch\/#website"},"primaryImageOfPage":{"@id":"https:\/\/www.tentickle.ch\/stretchzelt\/luxus-zelt\/#primaryimage"},"image":{"@id":"https:\/\/www.tentickle.ch\/stretchzelt\/luxus-zelt\/#primaryimage"},"thumbnailUrl":"https:\/\/tentickle.ch\/wp-content\/uploads\/2018\/11\/3N9A0165-1024x683.jpg","datePublished":"2018-11-15T11:55:26+00:00","dateModified":"2022-02-16T16:52:25+00:00","description":"Une tente de luxe de Tentickle. Vous devez le voir pour le croire. Le pionnier des tentes extensibles montre \u00e0 tous \u00e0 quel point une tente peut \u00eatre noble.","breadcrumb":{"@id":"https:\/\/www.tentickle.ch\/stretchzelt\/luxus-zelt\/#breadcrumb"},"inLanguage":"fr-FR","potentialAction":[{"@type":"ReadAction","target":["https:\/\/www.tentickle.ch\/stretchzelt\/luxus-zelt\/"]}]},{"@type":"ImageObject","inLanguage":"fr-FR","@id":"https:\/\/www.tentickle.ch\/stretchzelt\/luxus-zelt\/#primaryimage","url":"https:\/\/tentickle.ch\/wp-content\/uploads\/2018\/11\/3N9A0165-1024x683.jpg","contentUrl":"https:\/\/tentickle.ch\/wp-content\/uploads\/2018\/11\/3N9A0165-1024x683.jpg"},{"@type":"BreadcrumbList","@id":"https:\/\/www.tentickle.ch\/stretchzelt\/luxus-zelt\/#breadcrumb","itemListElement":[{"@type":"ListItem","position":1,"name":"Home","item":"https:\/\/www.tentickle.ch\/fr\/"},{"@type":"ListItem","position":2,"name":"PARTICULARIT\u00c9S DE LA TENTE","item":"https:\/\/www.tentickle.ch\/stretchzelt\/"},{"@type":"ListItem","position":3,"name":"TENTE DE LUXE"}]},{"@type":"WebSite","@id":"https:\/\/www.tentickle.ch\/#website","url":"https:\/\/www.tentickle.ch\/","name":"Tentickle Schweiz","description":"Stilvolle Zelte f\u00fcr Feste und Anl\u00e4sse","publisher":{"@id":"https:\/\/www.tentickle.ch\/#organization"},"potentialAction":[{"@type":"SearchAction","target":{"@type":"EntryPoint","urlTemplate":"https:\/\/www.tentickle.ch\/?s={search_term_string}"},"query-input":{"@type":"PropertyValueSpecification","valueRequired":true,"valueName":"search_term_string"}}],"inLanguage":"fr-FR"},{"@type":"Organization","@id":"https:\/\/www.tentickle.ch\/#organization","name":"Tentickle","url":"https:\/\/www.tentickle.ch\/","logo":{"@type":"ImageObject","inLanguage":"fr-FR","@id":"https:\/\/www.tentickle.ch\/#\/schema\/logo\/image\/","url":"https:\/\/www.tentickle.ch\/wp-content\/uploads\/2018\/10\/TentickleLogoTransparentohneCanopies-web.png","contentUrl":"https:\/\/www.tentickle.ch\/wp-content\/uploads\/2018\/10\/TentickleLogoTransparentohneCanopies-web.png","width":1000,"height":294,"caption":"Tentickle"},"image":{"@id":"https:\/\/www.tentickle.ch\/#\/schema\/logo\/image\/"},"sameAs":["https:\/\/www.facebook.com\/CreativeTents\/","https:\/\/www.instagram.com\/tentickle.switzerland"]}]}},"_links":{"self":[{"href":"https:\/\/www.tentickle.ch\/fr\/wp-json\/wp\/v2\/pages\/16483","targetHints":{"allow":["GET"]}}],"collection":[{"href":"https:\/\/www.tentickle.ch\/fr\/wp-json\/wp\/v2\/pages"}],"about":[{"href":"https:\/\/www.tentickle.ch\/fr\/wp-json\/wp\/v2\/types\/page"}],"author":[{"embeddable":true,"href":"https:\/\/www.tentickle.ch\/fr\/wp-json\/wp\/v2\/users\/1"}],"replies":[{"embeddable":true,"href":"https:\/\/www.tentickle.ch\/fr\/wp-json\/wp\/v2\/comments?post=16483"}],"version-history":[{"count":8,"href":"https:\/\/www.tentickle.ch\/fr\/wp-json\/wp\/v2\/pages\/16483\/revisions"}],"predecessor-version":[{"id":16595,"href":"https:\/\/www.tentickle.ch\/fr\/wp-json\/wp\/v2\/pages\/16483\/revisions\/16595"}],"up":[{"embeddable":true,"href":"https:\/\/www.tentickle.ch\/fr\/wp-json\/wp\/v2\/pages\/16548"}],"wp:attachment":[{"href":"https:\/\/www.tentickle.ch\/fr\/wp-json\/wp\/v2\/media?parent=16483"}],"curies":[{"name":"wp","href":"https:\/\/api.w.org\/{rel}","templated":true}]}}